{"id":2293,"date":"2019-12-20T10:43:47","date_gmt":"2019-12-20T10:43:47","guid":{"rendered":"https:\/\/the7.io\/elementor-starter\/?page_id=2293"},"modified":"2019-12-20T10:43:47","modified_gmt":"2019-12-20T10:43:47","slug":"blog-masonry","status":"publish","type":"page","link":"https:\/\/santacasamuzambinho.org.br\/index.php\/blog-masonry\/","title":{"rendered":"Blog masonry"},"content":{"rendered":"\t\t<div data-elementor-type=\"wp-page\" data-elementor-id=\"2293\" class=\"elementor elementor-2293\" data-elementor-post-type=\"page\">\n\t\t\t\t\t\t<section class=\"elementor-section elementor-top-section elementor-element elementor-element-d8a62c7 elementor-section-stretched elementor-section-boxed elementor-section-height-default elementor-section-height-default\" data-id=\"d8a62c7\" data-element_type=\"section\" data-e-type=\"section\" data-settings=\"{&quot;stretch_section&quot;:&quot;section-stretched&quot;,&quot;background_background&quot;:&quot;classic&quot;}\">\n\t\t\t\t\t\t<div class=\"elementor-container elementor-column-gap-no\">\n\t\t\t\t\t<div class=\"elementor-column elementor-col-100 elementor-top-column elementor-element elementor-element-31ce526\" data-id=\"31ce526\" data-element_type=\"column\" data-e-type=\"column\">\n\t\t\t<div class=\"elementor-widget-wrap elementor-element-populated\">\n\t\t\t\t\t\t<div class=\"elementor-element elementor-element-7331073 elementor-widget elementor-widget-the7_elements\" data-id=\"7331073\" data-element_type=\"widget\" data-e-type=\"widget\" data-widget_type=\"the7_elements.default\">\n\t\t\t\t<div class=\"elementor-widget-container\">\n\t\t\t\t\t<div class=\"portfolio-shortcode the7-elementor-widget the7_elements-7331073 mode-masonry classic-layout-list description-under-image content-bg-on resize-by-browser-width widget-with-filter loading-effect-none jquery-filter\" data-padding=\"60px\" data-mobile-columns-num=\"1\" data-tablet-columns-num=\"2\" data-desktop-columns-num=\"3\" data-wide-desktop-columns-num=\"4\" data-post-limit=\"10\" data-pagination-mode=\"load-more\" data-scroll-offset=\"\" aria-live=\"assertive\"><div class=\"iso-filter filter-decorations extras-off filter filter-pointer-underline filter-animation-fade   \"><div class=\"filter-categories\" data-default-order=\"\" data-default-orderby=\"\"><a href=\"https:\/\/santacasamuzambinho.org.br\/index.php\/blog-masonry\/\" class=\"show-all filter-item act\" data-filter=\"*\" aria-label=\"Apply filter: View all\">View all<\/a><a href=\"https:\/\/santacasamuzambinho.org.br\/index.php\/blog-masonry\/?term=administracao\" class=\"filter-item administracao\" data-filter=\".category-3\" aria-label=\"Apply filter: Administra\u00e7\u00e3o\">Administra\u00e7\u00e3o<\/a><a href=\"https:\/\/santacasamuzambinho.org.br\/index.php\/blog-masonry\/?term=colunista\" class=\"filter-item colunista\" data-filter=\".category-2\" aria-label=\"Apply filter: Colunista\">Colunista<\/a><a href=\"https:\/\/santacasamuzambinho.org.br\/index.php\/blog-masonry\/?term=geral\" class=\"filter-item geral\" data-filter=\".category-38\" aria-label=\"Apply filter: Geral\">Geral<\/a><a href=\"https:\/\/santacasamuzambinho.org.br\/index.php\/blog-masonry\/?term=prestacao-de-contas\" class=\"filter-item prestacao-de-contas\" data-filter=\".category-37\" aria-label=\"Apply filter: Presta\u00e7\u00e3o de Contas\">Presta\u00e7\u00e3o de Contas<\/a><\/div><\/div><div class=\"iso-container dt-isotope custom-iso-columns\"><div class=\"visible wf-cell iso-item category-37\" data-post-id=\"6921\" data-date=\"2026-03-05T15:16:44-03:00\" data-name=\"Santa Casa de Muzambinho realizou 2.438 atendimentos no pronto-socorro em fevereiro de 2026\"><article class=\"post visible post-6921 type-post status-publish format-standard has-post-thumbnail hentry category-prestacao-de-contas tag-hospital tag-pronto-socorro tag-santa-casa category-37 description-off\" data-name=\"Santa Casa de Muzambinho realizou 2.438 atendimentos no pronto-socorro em fevereiro de 2026\" data-date=\"2026-03-05T15:16:44-03:00\">\n\n\t<div class=\"post-thumbnail-wrap\">\n\t\t<div class=\"post-thumbnail\">\n\n\t\t\t<a class=\"post-thumbnail-rollover layzr-bg img-css-resize-wrapper\" aria-label=\"redimensionar imagens\" href=\"https:\/\/santacasamuzambinho.org.br\/index.php\/2026\/03\/05\/santa-casa-de-muzambinho-realizou-2-438-atendimentos-no-pronto-socorro-em-fevereiro-de-2026\/\"><img fetchpriority=\"high\" decoding=\"async\" width=\"1600\" height=\"1200\" src=\"data:image\/svg+xml,%3Csvg%20xmlns%3D&#039;http%3A%2F%2Fwww.w3.org%2F2000%2Fsvg&#039;%20viewBox%3D&#039;0%200%201600%201200&#039;%2F%3E\" class=\"attachment-full size-full preload-me aspect lazy lazy-load\" alt=\"\" sizes=\"(max-width: 1600px) 100vw, 1600px\" style=\"--ratio: 1600 \/ 1200;\" data-src=\"https:\/\/santacasamuzambinho.org.br\/wp-content\/uploads\/2024\/06\/IMG_20240606_161332.jpg\" loading=\"eager\" data-srcset=\"https:\/\/santacasamuzambinho.org.br\/wp-content\/uploads\/2024\/06\/IMG_20240606_161332.jpg 1600w, https:\/\/santacasamuzambinho.org.br\/wp-content\/uploads\/2024\/06\/IMG_20240606_161332-300x225.jpg 300w, https:\/\/santacasamuzambinho.org.br\/wp-content\/uploads\/2024\/06\/IMG_20240606_161332-1024x768.jpg 1024w, https:\/\/santacasamuzambinho.org.br\/wp-content\/uploads\/2024\/06\/IMG_20240606_161332-768x576.jpg 768w, https:\/\/santacasamuzambinho.org.br\/wp-content\/uploads\/2024\/06\/IMG_20240606_161332-1536x1152.jpg 1536w\" \/><span class=\"the7-hover-icon\"><i aria-hidden=\"true\" class=\"feather feather-more-horizontal\"><\/i><\/span><\/a>\n\t\t<\/div>\n\t<\/div>\n\n\n<div class=\"post-entry-content\">\n\n\t<h3 class=\"ele-entry-title\"><a href=\"https:\/\/santacasamuzambinho.org.br\/index.php\/2026\/03\/05\/santa-casa-de-muzambinho-realizou-2-438-atendimentos-no-pronto-socorro-em-fevereiro-de-2026\/\" rel=\"bookmark\" title=\"Santa Casa de Muzambinho realizou 2.438 atendimentos no pronto-socorro em fevereiro de 2026\">Santa Casa de Muzambinho realizou 2.438 atendimentos no pronto-socorro em fevereiro de 2026<\/a><\/h3><div class=\"entry-meta\"><span class=\"meta-item category-link\"><span>Presta\u00e7\u00e3o de Contas<\/span><\/span><\/div>\n<\/div><\/article><\/div><div class=\"visible wf-cell iso-item category-37\" data-post-id=\"6913\" data-date=\"2026-01-09T15:11:39-03:00\" data-name=\"Santa Casa de Muzambinho realizou mais de 34 mil atendimentos em 2025\"><article class=\"post visible post-6913 type-post status-publish format-standard has-post-thumbnail hentry category-prestacao-de-contas tag-hospital tag-pronto-socorro tag-santa-casa category-37 description-off\" data-name=\"Santa Casa de Muzambinho realizou mais de 34 mil atendimentos em 2025\" data-date=\"2026-01-09T15:11:39-03:00\">\n\n\t<div class=\"post-thumbnail-wrap\">\n\t\t<div class=\"post-thumbnail\">\n\n\t\t\t<a class=\"post-thumbnail-rollover layzr-bg img-css-resize-wrapper\" aria-label=\"redimensionar imagens\" href=\"https:\/\/santacasamuzambinho.org.br\/index.php\/2026\/01\/09\/santa-casa-de-muzambinho-realizou-mais-de-34-mil-atendimentos-em-2025\/\"><img fetchpriority=\"high\" decoding=\"async\" width=\"1600\" height=\"1200\" src=\"data:image\/svg+xml,%3Csvg%20xmlns%3D&#039;http%3A%2F%2Fwww.w3.org%2F2000%2Fsvg&#039;%20viewBox%3D&#039;0%200%201600%201200&#039;%2F%3E\" class=\"attachment-full size-full preload-me aspect lazy lazy-load\" alt=\"\" sizes=\"(max-width: 1600px) 100vw, 1600px\" style=\"--ratio: 1600 \/ 1200;\" data-src=\"https:\/\/santacasamuzambinho.org.br\/wp-content\/uploads\/2024\/06\/IMG_20240606_161332.jpg\" loading=\"eager\" data-srcset=\"https:\/\/santacasamuzambinho.org.br\/wp-content\/uploads\/2024\/06\/IMG_20240606_161332.jpg 1600w, https:\/\/santacasamuzambinho.org.br\/wp-content\/uploads\/2024\/06\/IMG_20240606_161332-300x225.jpg 300w, https:\/\/santacasamuzambinho.org.br\/wp-content\/uploads\/2024\/06\/IMG_20240606_161332-1024x768.jpg 1024w, https:\/\/santacasamuzambinho.org.br\/wp-content\/uploads\/2024\/06\/IMG_20240606_161332-768x576.jpg 768w, https:\/\/santacasamuzambinho.org.br\/wp-content\/uploads\/2024\/06\/IMG_20240606_161332-1536x1152.jpg 1536w\" \/><span class=\"the7-hover-icon\"><i aria-hidden=\"true\" class=\"feather feather-more-horizontal\"><\/i><\/span><\/a>\n\t\t<\/div>\n\t<\/div>\n\n\n<div class=\"post-entry-content\">\n\n\t<h3 class=\"ele-entry-title\"><a href=\"https:\/\/santacasamuzambinho.org.br\/index.php\/2026\/01\/09\/santa-casa-de-muzambinho-realizou-mais-de-34-mil-atendimentos-em-2025\/\" rel=\"bookmark\" title=\"Santa Casa de Muzambinho realizou mais de 34 mil atendimentos em 2025\">Santa Casa de Muzambinho realizou mais de 34 mil atendimentos em 2025<\/a><\/h3><div class=\"entry-meta\"><span class=\"meta-item category-link\"><span>Presta\u00e7\u00e3o de Contas<\/span><\/span><\/div>\n<\/div><\/article><\/div><div class=\"visible wf-cell iso-item category-37\" data-post-id=\"6904\" data-date=\"2025-11-04T10:54:02-03:00\" data-name=\"Santa Casa de Muzambinho realizou 2.727 atendimentos no pronto-socorro em outubro\"><article class=\"post visible post-6904 type-post status-publish format-standard has-post-thumbnail hentry category-prestacao-de-contas tag-hospital tag-pronto-socorro tag-santa-casa category-37 description-off\" data-name=\"Santa Casa de Muzambinho realizou 2.727 atendimentos no pronto-socorro em outubro\" data-date=\"2025-11-04T10:54:02-03:00\">\n\n\t<div class=\"post-thumbnail-wrap\">\n\t\t<div class=\"post-thumbnail\">\n\n\t\t\t<a class=\"post-thumbnail-rollover layzr-bg img-css-resize-wrapper\" aria-label=\"redimensionar imagens\" href=\"https:\/\/santacasamuzambinho.org.br\/index.php\/2025\/11\/04\/santa-casa-de-muzambinho-realizou-2-727-atendimentos-no-pronto-socorro-em-outubro\/\"><img fetchpriority=\"high\" decoding=\"async\" width=\"1600\" height=\"1200\" src=\"data:image\/svg+xml,%3Csvg%20xmlns%3D&#039;http%3A%2F%2Fwww.w3.org%2F2000%2Fsvg&#039;%20viewBox%3D&#039;0%200%201600%201200&#039;%2F%3E\" class=\"attachment-full size-full preload-me aspect lazy lazy-load\" alt=\"\" sizes=\"(max-width: 1600px) 100vw, 1600px\" style=\"--ratio: 1600 \/ 1200;\" data-src=\"https:\/\/santacasamuzambinho.org.br\/wp-content\/uploads\/2024\/06\/IMG_20240606_161332.jpg\" loading=\"eager\" data-srcset=\"https:\/\/santacasamuzambinho.org.br\/wp-content\/uploads\/2024\/06\/IMG_20240606_161332.jpg 1600w, https:\/\/santacasamuzambinho.org.br\/wp-content\/uploads\/2024\/06\/IMG_20240606_161332-300x225.jpg 300w, https:\/\/santacasamuzambinho.org.br\/wp-content\/uploads\/2024\/06\/IMG_20240606_161332-1024x768.jpg 1024w, https:\/\/santacasamuzambinho.org.br\/wp-content\/uploads\/2024\/06\/IMG_20240606_161332-768x576.jpg 768w, https:\/\/santacasamuzambinho.org.br\/wp-content\/uploads\/2024\/06\/IMG_20240606_161332-1536x1152.jpg 1536w\" \/><span class=\"the7-hover-icon\"><i aria-hidden=\"true\" class=\"feather feather-more-horizontal\"><\/i><\/span><\/a>\n\t\t<\/div>\n\t<\/div>\n\n\n<div class=\"post-entry-content\">\n\n\t<h3 class=\"ele-entry-title\"><a href=\"https:\/\/santacasamuzambinho.org.br\/index.php\/2025\/11\/04\/santa-casa-de-muzambinho-realizou-2-727-atendimentos-no-pronto-socorro-em-outubro\/\" rel=\"bookmark\" title=\"Santa Casa de Muzambinho realizou 2.727 atendimentos no pronto-socorro em outubro\">Santa Casa de Muzambinho realizou 2.727 atendimentos no pronto-socorro em outubro<\/a><\/h3><div class=\"entry-meta\"><span class=\"meta-item category-link\"><span>Presta\u00e7\u00e3o de Contas<\/span><\/span><\/div>\n<\/div><\/article><\/div><div class=\"visible wf-cell iso-item category-37\" data-post-id=\"6895\" data-date=\"2025-10-07T09:22:06-03:00\" data-name=\"Santa Casa de Muzambinho registrou 2.912 atendimentos no Pronto-Socorro em setembro\"><article class=\"post visible post-6895 type-post status-publish format-standard has-post-thumbnail hentry category-prestacao-de-contas tag-hospital tag-pronto-socorro tag-santa-casa category-37 description-off\" data-name=\"Santa Casa de Muzambinho registrou 2.912 atendimentos no Pronto-Socorro em setembro\" data-date=\"2025-10-07T09:22:06-03:00\">\n\n\t<div class=\"post-thumbnail-wrap\">\n\t\t<div class=\"post-thumbnail\">\n\n\t\t\t<a class=\"post-thumbnail-rollover layzr-bg img-css-resize-wrapper\" aria-label=\"redimensionar imagens\" href=\"https:\/\/santacasamuzambinho.org.br\/index.php\/2025\/10\/07\/santa-casa-de-muzambinho-registrou-2-912-atendimentos-no-pronto-socorro-em-setembro\/\"><img fetchpriority=\"high\" decoding=\"async\" width=\"1600\" height=\"1200\" src=\"data:image\/svg+xml,%3Csvg%20xmlns%3D&#039;http%3A%2F%2Fwww.w3.org%2F2000%2Fsvg&#039;%20viewBox%3D&#039;0%200%201600%201200&#039;%2F%3E\" class=\"attachment-full size-full preload-me aspect lazy lazy-load\" alt=\"\" sizes=\"(max-width: 1600px) 100vw, 1600px\" style=\"--ratio: 1600 \/ 1200;\" data-src=\"https:\/\/santacasamuzambinho.org.br\/wp-content\/uploads\/2024\/06\/IMG_20240606_161332.jpg\" loading=\"eager\" data-srcset=\"https:\/\/santacasamuzambinho.org.br\/wp-content\/uploads\/2024\/06\/IMG_20240606_161332.jpg 1600w, https:\/\/santacasamuzambinho.org.br\/wp-content\/uploads\/2024\/06\/IMG_20240606_161332-300x225.jpg 300w, https:\/\/santacasamuzambinho.org.br\/wp-content\/uploads\/2024\/06\/IMG_20240606_161332-1024x768.jpg 1024w, https:\/\/santacasamuzambinho.org.br\/wp-content\/uploads\/2024\/06\/IMG_20240606_161332-768x576.jpg 768w, https:\/\/santacasamuzambinho.org.br\/wp-content\/uploads\/2024\/06\/IMG_20240606_161332-1536x1152.jpg 1536w\" \/><span class=\"the7-hover-icon\"><i aria-hidden=\"true\" class=\"feather feather-more-horizontal\"><\/i><\/span><\/a>\n\t\t<\/div>\n\t<\/div>\n\n\n<div class=\"post-entry-content\">\n\n\t<h3 class=\"ele-entry-title\"><a href=\"https:\/\/santacasamuzambinho.org.br\/index.php\/2025\/10\/07\/santa-casa-de-muzambinho-registrou-2-912-atendimentos-no-pronto-socorro-em-setembro\/\" rel=\"bookmark\" title=\"Santa Casa de Muzambinho registrou 2.912 atendimentos no Pronto-Socorro em setembro\">Santa Casa de Muzambinho registrou 2.912 atendimentos no Pronto-Socorro em setembro<\/a><\/h3><div class=\"entry-meta\"><span class=\"meta-item category-link\"><span>Presta\u00e7\u00e3o de Contas<\/span><\/span><\/div>\n<\/div><\/article><\/div><div class=\"visible wf-cell iso-item category-37\" data-post-id=\"6886\" data-date=\"2025-09-12T09:54:55-03:00\" data-name=\"Atendimentos Agosto\/2025 no Pronto Socorro da Santa Casa de Muzambinho\"><article class=\"post visible post-6886 type-post status-publish format-standard has-post-thumbnail hentry category-prestacao-de-contas tag-atendimento tag-hospital tag-pronto-socorro category-37 description-off\" data-name=\"Atendimentos Agosto\/2025 no Pronto Socorro da Santa Casa de Muzambinho\" data-date=\"2025-09-12T09:54:55-03:00\">\n\n\t<div class=\"post-thumbnail-wrap\">\n\t\t<div class=\"post-thumbnail\">\n\n\t\t\t<a class=\"post-thumbnail-rollover layzr-bg img-css-resize-wrapper\" aria-label=\"redimensionar imagens\" href=\"https:\/\/santacasamuzambinho.org.br\/index.php\/2025\/09\/12\/atendimentos-agosto-2025-no-pronto-socorro-da-santa-casa-de-muzambinho\/\"><img decoding=\"async\" width=\"1600\" height=\"1200\" src=\"data:image\/svg+xml,%3Csvg%20xmlns%3D&#039;http%3A%2F%2Fwww.w3.org%2F2000%2Fsvg&#039;%20viewBox%3D&#039;0%200%201600%201200&#039;%2F%3E\" class=\"attachment-full size-full preload-me aspect lazy lazy-load\" alt=\"\" sizes=\"(max-width: 1600px) 100vw, 1600px\" style=\"--ratio: 1600 \/ 1200;\" data-src=\"https:\/\/santacasamuzambinho.org.br\/wp-content\/uploads\/2024\/06\/IMG_20240606_161335.jpg\" loading=\"eager\" data-srcset=\"https:\/\/santacasamuzambinho.org.br\/wp-content\/uploads\/2024\/06\/IMG_20240606_161335.jpg 1600w, https:\/\/santacasamuzambinho.org.br\/wp-content\/uploads\/2024\/06\/IMG_20240606_161335-300x225.jpg 300w, https:\/\/santacasamuzambinho.org.br\/wp-content\/uploads\/2024\/06\/IMG_20240606_161335-1024x768.jpg 1024w, https:\/\/santacasamuzambinho.org.br\/wp-content\/uploads\/2024\/06\/IMG_20240606_161335-768x576.jpg 768w, https:\/\/santacasamuzambinho.org.br\/wp-content\/uploads\/2024\/06\/IMG_20240606_161335-1536x1152.jpg 1536w\" \/><span class=\"the7-hover-icon\"><i aria-hidden=\"true\" class=\"feather feather-more-horizontal\"><\/i><\/span><\/a>\n\t\t<\/div>\n\t<\/div>\n\n\n<div class=\"post-entry-content\">\n\n\t<h3 class=\"ele-entry-title\"><a href=\"https:\/\/santacasamuzambinho.org.br\/index.php\/2025\/09\/12\/atendimentos-agosto-2025-no-pronto-socorro-da-santa-casa-de-muzambinho\/\" rel=\"bookmark\" title=\"Atendimentos Agosto\/2025 no Pronto Socorro da Santa Casa de Muzambinho\">Atendimentos Agosto\/2025 no Pronto Socorro da Santa Casa de Muzambinho<\/a><\/h3><div class=\"entry-meta\"><span class=\"meta-item category-link\"><span>Presta\u00e7\u00e3o de Contas<\/span><\/span><\/div>\n<\/div><\/article><\/div><div class=\"visible wf-cell iso-item category-3 category-37\" data-post-id=\"6882\" data-date=\"2025-05-12T14:48:24-03:00\" data-name=\"Atendimentos no Pronto Socorro da Santa Casa de Muzambinho, Abril\/2025\"><article class=\"post visible post-6882 type-post status-publish format-standard has-post-thumbnail hentry category-administracao category-prestacao-de-contas tag-atendimentos tag-pronto-socorro tag-santa-casa category-3 category-37 description-off\" data-name=\"Atendimentos no Pronto Socorro da Santa Casa de Muzambinho, Abril\/2025\" data-date=\"2025-05-12T14:48:24-03:00\">\n\n\t<div class=\"post-thumbnail-wrap\">\n\t\t<div class=\"post-thumbnail\">\n\n\t\t\t<a class=\"post-thumbnail-rollover layzr-bg img-css-resize-wrapper\" aria-label=\"redimensionar imagens\" href=\"https:\/\/santacasamuzambinho.org.br\/index.php\/2025\/05\/12\/atendimentos-no-pronto-socorro-da-santa-casa-de-muzambinho-abril-2025\/\"><img decoding=\"async\" width=\"1600\" height=\"1200\" src=\"data:image\/svg+xml,%3Csvg%20xmlns%3D&#039;http%3A%2F%2Fwww.w3.org%2F2000%2Fsvg&#039;%20viewBox%3D&#039;0%200%201600%201200&#039;%2F%3E\" class=\"attachment-full size-full preload-me aspect lazy lazy-load\" alt=\"\" sizes=\"(max-width: 1600px) 100vw, 1600px\" style=\"--ratio: 1600 \/ 1200;\" data-src=\"https:\/\/santacasamuzambinho.org.br\/wp-content\/uploads\/2024\/06\/IMG_20240606_161254.jpg\" loading=\"eager\" data-srcset=\"https:\/\/santacasamuzambinho.org.br\/wp-content\/uploads\/2024\/06\/IMG_20240606_161254.jpg 1600w, https:\/\/santacasamuzambinho.org.br\/wp-content\/uploads\/2024\/06\/IMG_20240606_161254-300x225.jpg 300w, https:\/\/santacasamuzambinho.org.br\/wp-content\/uploads\/2024\/06\/IMG_20240606_161254-1024x768.jpg 1024w, https:\/\/santacasamuzambinho.org.br\/wp-content\/uploads\/2024\/06\/IMG_20240606_161254-768x576.jpg 768w, https:\/\/santacasamuzambinho.org.br\/wp-content\/uploads\/2024\/06\/IMG_20240606_161254-1536x1152.jpg 1536w\" \/><span class=\"the7-hover-icon\"><i aria-hidden=\"true\" class=\"feather feather-more-horizontal\"><\/i><\/span><\/a>\n\t\t<\/div>\n\t<\/div>\n\n\n<div class=\"post-entry-content\">\n\n\t<h3 class=\"ele-entry-title\"><a href=\"https:\/\/santacasamuzambinho.org.br\/index.php\/2025\/05\/12\/atendimentos-no-pronto-socorro-da-santa-casa-de-muzambinho-abril-2025\/\" rel=\"bookmark\" title=\"Atendimentos no Pronto Socorro da Santa Casa de Muzambinho, Abril\/2025\">Atendimentos no Pronto Socorro da Santa Casa de Muzambinho, Abril\/2025<\/a><\/h3><div class=\"entry-meta\"><span class=\"meta-item category-link\"><span>Administra\u00e7\u00e3o<\/span>, <span>Presta\u00e7\u00e3o de Contas<\/span><\/span><\/div>\n<\/div><\/article><\/div><div class=\"visible wf-cell iso-item category-3\" data-post-id=\"6878\" data-date=\"2025-04-22T17:03:43-03:00\" data-name=\"Nova diretoria da Santa Casa de Miseric\u00f3rdia de Muzambinho \u00e9 eleita para o bi\u00eanio 2025\/2027\"><article class=\"post visible post-6878 type-post status-publish format-standard has-post-thumbnail hentry category-administracao tag-diretoria tag-eleicao tag-hospital category-3 description-off\" data-name=\"Nova diretoria da Santa Casa de Miseric\u00f3rdia de Muzambinho \u00e9 eleita para o bi\u00eanio 2025\/2027\" data-date=\"2025-04-22T17:03:43-03:00\">\n\n\t<div class=\"post-thumbnail-wrap\">\n\t\t<div class=\"post-thumbnail\">\n\n\t\t\t<a class=\"post-thumbnail-rollover layzr-bg img-css-resize-wrapper\" aria-label=\"redimensionar imagens\" href=\"https:\/\/santacasamuzambinho.org.br\/index.php\/2025\/04\/22\/nova-diretoria-da-santa-casa-de-misericordia-de-muzambinho-e-eleita-para-o-bienio-2025-2027\/\"><img decoding=\"async\" width=\"1600\" height=\"1200\" src=\"data:image\/svg+xml,%3Csvg%20xmlns%3D&#039;http%3A%2F%2Fwww.w3.org%2F2000%2Fsvg&#039;%20viewBox%3D&#039;0%200%201600%201200&#039;%2F%3E\" class=\"attachment-full size-full preload-me aspect lazy lazy-load\" alt=\"\" sizes=\"(max-width: 1600px) 100vw, 1600px\" style=\"--ratio: 1600 \/ 1200;\" data-src=\"https:\/\/santacasamuzambinho.org.br\/wp-content\/uploads\/2024\/06\/IMG_20240606_161254.jpg\" loading=\"eager\" data-srcset=\"https:\/\/santacasamuzambinho.org.br\/wp-content\/uploads\/2024\/06\/IMG_20240606_161254.jpg 1600w, https:\/\/santacasamuzambinho.org.br\/wp-content\/uploads\/2024\/06\/IMG_20240606_161254-300x225.jpg 300w, https:\/\/santacasamuzambinho.org.br\/wp-content\/uploads\/2024\/06\/IMG_20240606_161254-1024x768.jpg 1024w, https:\/\/santacasamuzambinho.org.br\/wp-content\/uploads\/2024\/06\/IMG_20240606_161254-768x576.jpg 768w, https:\/\/santacasamuzambinho.org.br\/wp-content\/uploads\/2024\/06\/IMG_20240606_161254-1536x1152.jpg 1536w\" \/><span class=\"the7-hover-icon\"><i aria-hidden=\"true\" class=\"feather feather-more-horizontal\"><\/i><\/span><\/a>\n\t\t<\/div>\n\t<\/div>\n\n\n<div class=\"post-entry-content\">\n\n\t<h3 class=\"ele-entry-title\"><a href=\"https:\/\/santacasamuzambinho.org.br\/index.php\/2025\/04\/22\/nova-diretoria-da-santa-casa-de-misericordia-de-muzambinho-e-eleita-para-o-bienio-2025-2027\/\" rel=\"bookmark\" title=\"Nova diretoria da Santa Casa de Miseric\u00f3rdia de Muzambinho \u00e9 eleita para o bi\u00eanio 2025\/2027\">Nova diretoria da Santa Casa de Miseric\u00f3rdia de Muzambinho \u00e9 eleita para o bi\u00eanio 2025\/2027<\/a><\/h3><div class=\"entry-meta\"><span class=\"meta-item category-link\"><span>Administra\u00e7\u00e3o<\/span><\/span><\/div>\n<\/div><\/article><\/div><div class=\"visible wf-cell iso-item category-3 category-37\" data-post-id=\"6875\" data-date=\"2025-04-02T14:35:18-03:00\" data-name=\"Mar\u00e7o de 2025 - Atendimentos no Pronto Socorro de Muzambinho\"><article class=\"post visible post-6875 type-post status-publish format-standard has-post-thumbnail hentry category-administracao category-prestacao-de-contas tag-hospital tag-relatorio tag-santa-casa category-3 category-37 description-off\" data-name=\"Mar\u00e7o de 2025 &#8211; Atendimentos no Pronto Socorro de Muzambinho\" data-date=\"2025-04-02T14:35:18-03:00\">\n\n\t<div class=\"post-thumbnail-wrap\">\n\t\t<div class=\"post-thumbnail\">\n\n\t\t\t<a class=\"post-thumbnail-rollover layzr-bg img-css-resize-wrapper\" aria-label=\"redimensionar imagens\" href=\"https:\/\/santacasamuzambinho.org.br\/index.php\/2025\/04\/02\/marco-de-2025-atendimentos-no-pronto-socorro-de-muzambinho\/\"><img decoding=\"async\" width=\"1035\" height=\"694\" src=\"data:image\/svg+xml,%3Csvg%20xmlns%3D&#039;http%3A%2F%2Fwww.w3.org%2F2000%2Fsvg&#039;%20viewBox%3D&#039;0%200%201035%20694&#039;%2F%3E\" class=\"attachment-full size-full preload-me aspect lazy lazy-load\" alt=\"\" style=\"--ratio: 1035 \/ 694;\" data-src=\"https:\/\/santacasamuzambinho.org.br\/wp-content\/uploads\/2024\/06\/w1035h694.avif\" loading=\"eager\" \/><span class=\"the7-hover-icon\"><i aria-hidden=\"true\" class=\"feather feather-more-horizontal\"><\/i><\/span><\/a>\n\t\t<\/div>\n\t<\/div>\n\n\n<div class=\"post-entry-content\">\n\n\t<h3 class=\"ele-entry-title\"><a href=\"https:\/\/santacasamuzambinho.org.br\/index.php\/2025\/04\/02\/marco-de-2025-atendimentos-no-pronto-socorro-de-muzambinho\/\" rel=\"bookmark\" title=\"Mar\u00e7o de 2025 &#8211; Atendimentos no Pronto Socorro de Muzambinho\">Mar\u00e7o de 2025 &#8211; Atendimentos no Pronto Socorro de Muzambinho<\/a><\/h3><div class=\"entry-meta\"><span class=\"meta-item category-link\"><span>Administra\u00e7\u00e3o<\/span>, <span>Presta\u00e7\u00e3o de Contas<\/span><\/span><\/div>\n<\/div><\/article><\/div><div class=\"visible wf-cell iso-item category-3 category-37\" data-post-id=\"6865\" data-date=\"2025-03-18T15:29:05-03:00\" data-name=\"Santa Casa de Muzambinho recebe recursos federais para aquisi\u00e7\u00e3o de equipamentos e produtos m\u00e9dicos\"><article class=\"post visible post-6865 type-post status-publish format-standard has-post-thumbnail hentry category-administracao category-prestacao-de-contas category-3 category-37 description-off\" data-name=\"Santa Casa de Muzambinho recebe recursos federais para aquisi\u00e7\u00e3o de equipamentos e produtos m\u00e9dicos\" data-date=\"2025-03-18T15:29:05-03:00\">\n\n\t<div class=\"post-thumbnail-wrap\">\n\t\t<div class=\"post-thumbnail\">\n\n\t\t\t<a class=\"post-thumbnail-rollover layzr-bg img-css-resize-wrapper\" aria-label=\"redimensionar imagens\" href=\"https:\/\/santacasamuzambinho.org.br\/index.php\/2025\/03\/18\/santa-casa-de-muzambinho-recebe-recursos-federais-para-aquisicao-de-equipamentos-e-produtos-medicos\/\"><img decoding=\"async\" width=\"1600\" height=\"1200\" src=\"data:image\/svg+xml,%3Csvg%20xmlns%3D&#039;http%3A%2F%2Fwww.w3.org%2F2000%2Fsvg&#039;%20viewBox%3D&#039;0%200%201600%201200&#039;%2F%3E\" class=\"attachment-full size-full preload-me aspect lazy lazy-load\" alt=\"\" sizes=\"(max-width: 1600px) 100vw, 1600px\" style=\"--ratio: 1600 \/ 1200;\" data-src=\"https:\/\/santacasamuzambinho.org.br\/wp-content\/uploads\/2024\/06\/IMG_20240606_161254.jpg\" loading=\"eager\" data-srcset=\"https:\/\/santacasamuzambinho.org.br\/wp-content\/uploads\/2024\/06\/IMG_20240606_161254.jpg 1600w, https:\/\/santacasamuzambinho.org.br\/wp-content\/uploads\/2024\/06\/IMG_20240606_161254-300x225.jpg 300w, https:\/\/santacasamuzambinho.org.br\/wp-content\/uploads\/2024\/06\/IMG_20240606_161254-1024x768.jpg 1024w, https:\/\/santacasamuzambinho.org.br\/wp-content\/uploads\/2024\/06\/IMG_20240606_161254-768x576.jpg 768w, https:\/\/santacasamuzambinho.org.br\/wp-content\/uploads\/2024\/06\/IMG_20240606_161254-1536x1152.jpg 1536w\" \/><span class=\"the7-hover-icon\"><i aria-hidden=\"true\" class=\"feather feather-more-horizontal\"><\/i><\/span><\/a>\n\t\t<\/div>\n\t<\/div>\n\n\n<div class=\"post-entry-content\">\n\n\t<h3 class=\"ele-entry-title\"><a href=\"https:\/\/santacasamuzambinho.org.br\/index.php\/2025\/03\/18\/santa-casa-de-muzambinho-recebe-recursos-federais-para-aquisicao-de-equipamentos-e-produtos-medicos\/\" rel=\"bookmark\" title=\"Santa Casa de Muzambinho recebe recursos federais para aquisi\u00e7\u00e3o de equipamentos e produtos m\u00e9dicos\">Santa Casa de Muzambinho recebe recursos federais para aquisi\u00e7\u00e3o de equipamentos e produtos m\u00e9dicos<\/a><\/h3><div class=\"entry-meta\"><span class=\"meta-item category-link\"><span>Administra\u00e7\u00e3o<\/span>, <span>Presta\u00e7\u00e3o de Contas<\/span><\/span><\/div>\n<\/div><\/article><\/div><div class=\"visible wf-cell iso-item category-3 category-37\" data-post-id=\"6858\" data-date=\"2025-01-08T14:53:04-03:00\" data-name=\"Santa Casa de Muzambinho realizou mais de 36 mil atendimentos no Pronto Socorro em 2024\"><article class=\"post visible post-6858 type-post status-publish format-standard has-post-thumbnail hentry category-administracao category-prestacao-de-contas tag-hospital tag-pronto-socorro category-3 category-37 description-off\" data-name=\"Santa Casa de Muzambinho realizou mais de 36 mil atendimentos no Pronto Socorro em 2024\" data-date=\"2025-01-08T14:53:04-03:00\">\n\n\t<div class=\"post-thumbnail-wrap\">\n\t\t<div class=\"post-thumbnail\">\n\n\t\t\t<a class=\"post-thumbnail-rollover layzr-bg img-css-resize-wrapper\" aria-label=\"redimensionar imagens\" href=\"https:\/\/santacasamuzambinho.org.br\/index.php\/2025\/01\/08\/santa-casa-de-muzambinho-realizou-mais-de-36-mil-atendimentos-no-pronto-socorro-em-2024\/\"><img decoding=\"async\" width=\"1035\" height=\"779\" src=\"data:image\/svg+xml,%3Csvg%20xmlns%3D&#039;http%3A%2F%2Fwww.w3.org%2F2000%2Fsvg&#039;%20viewBox%3D&#039;0%200%201035%20779&#039;%2F%3E\" class=\"attachment-full size-full preload-me aspect lazy lazy-load\" alt=\"\" style=\"--ratio: 1035 \/ 779;\" data-src=\"https:\/\/santacasamuzambinho.org.br\/wp-content\/uploads\/2024\/06\/w1035h779-1.avif\" loading=\"eager\" \/><span class=\"the7-hover-icon\"><i aria-hidden=\"true\" class=\"feather feather-more-horizontal\"><\/i><\/span><\/a>\n\t\t<\/div>\n\t<\/div>\n\n\n<div class=\"post-entry-content\">\n\n\t<h3 class=\"ele-entry-title\"><a href=\"https:\/\/santacasamuzambinho.org.br\/index.php\/2025\/01\/08\/santa-casa-de-muzambinho-realizou-mais-de-36-mil-atendimentos-no-pronto-socorro-em-2024\/\" rel=\"bookmark\" title=\"Santa Casa de Muzambinho realizou mais de 36 mil atendimentos no Pronto Socorro em 2024\">Santa Casa de Muzambinho realizou mais de 36 mil atendimentos no Pronto Socorro em 2024<\/a><\/h3><div class=\"entry-meta\"><span class=\"meta-item category-link\"><span>Administra\u00e7\u00e3o<\/span>, <span>Presta\u00e7\u00e3o de Contas<\/span><\/span><\/div>\n<\/div><\/article><\/div><div class=\"hidden wf-cell iso-item category-38\" data-post-id=\"6854\" data-date=\"2024-10-16T17:07:56-03:00\" data-name=\"Telefones da Santa Casa de Muzambinho voltaram a funcionar\"><article class=\"post visible post-6854 type-post status-publish format-standard has-post-thumbnail hentry category-geral tag-telefone category-38 description-off\" data-name=\"Telefones da Santa Casa de Muzambinho voltaram a funcionar\" data-date=\"2024-10-16T17:07:56-03:00\">\n\n\t<div class=\"post-thumbnail-wrap\">\n\t\t<div class=\"post-thumbnail\">\n\n\t\t\t<a class=\"post-thumbnail-rollover layzr-bg img-css-resize-wrapper\" aria-label=\"redimensionar imagens\" href=\"https:\/\/santacasamuzambinho.org.br\/index.php\/2024\/10\/16\/telefones-da-santa-casa-de-muzambinho-voltaram-a-funcionar\/\"><img decoding=\"async\" width=\"800\" height=\"600\" src=\"data:image\/svg+xml,%3Csvg%20xmlns%3D&#039;http%3A%2F%2Fwww.w3.org%2F2000%2Fsvg&#039;%20viewBox%3D&#039;0%200%20800%20600&#039;%2F%3E\" class=\"attachment-full size-full preload-me aspect lazy lazy-load\" alt=\"\" sizes=\"(max-width: 800px) 100vw, 800px\" style=\"--ratio: 800 \/ 600;\" data-src=\"https:\/\/santacasamuzambinho.org.br\/wp-content\/uploads\/2024\/10\/como-colocar-telefone-fixo-no-whatsapp-numero.webp\" loading=\"eager\" data-srcset=\"https:\/\/santacasamuzambinho.org.br\/wp-content\/uploads\/2024\/10\/como-colocar-telefone-fixo-no-whatsapp-numero.webp 800w, https:\/\/santacasamuzambinho.org.br\/wp-content\/uploads\/2024\/10\/como-colocar-telefone-fixo-no-whatsapp-numero-300x225.webp 300w, https:\/\/santacasamuzambinho.org.br\/wp-content\/uploads\/2024\/10\/como-colocar-telefone-fixo-no-whatsapp-numero-768x576.webp 768w\" \/><span class=\"the7-hover-icon\"><i aria-hidden=\"true\" class=\"feather feather-more-horizontal\"><\/i><\/span><\/a>\n\t\t<\/div>\n\t<\/div>\n\n\n<div class=\"post-entry-content\">\n\n\t<h3 class=\"ele-entry-title\"><a href=\"https:\/\/santacasamuzambinho.org.br\/index.php\/2024\/10\/16\/telefones-da-santa-casa-de-muzambinho-voltaram-a-funcionar\/\" rel=\"bookmark\" title=\"Telefones da Santa Casa de Muzambinho voltaram a funcionar\">Telefones da Santa Casa de Muzambinho voltaram a funcionar<\/a><\/h3><div class=\"entry-meta\"><span class=\"meta-item category-link\"><span>Geral<\/span><\/span><\/div>\n<\/div><\/article><\/div><div class=\"hidden wf-cell iso-item category-37\" data-post-id=\"6852\" data-date=\"2024-10-11T16:59:00-03:00\" data-name=\"Mais de 3 mil atendimentos em Setembro de 2024 no Pronto Socorro de Muzambinho\"><article class=\"post visible post-6852 type-post status-publish format-standard has-post-thumbnail hentry category-prestacao-de-contas tag-hospital tag-pronto-socoroo tag-pronto-socorro category-37 description-off\" data-name=\"Mais de 3 mil atendimentos em Setembro de 2024 no Pronto Socorro de Muzambinho\" data-date=\"2024-10-11T16:59:00-03:00\">\n\n\t<div class=\"post-thumbnail-wrap\">\n\t\t<div class=\"post-thumbnail\">\n\n\t\t\t<a class=\"post-thumbnail-rollover layzr-bg img-css-resize-wrapper\" aria-label=\"redimensionar imagens\" href=\"https:\/\/santacasamuzambinho.org.br\/index.php\/2024\/10\/11\/mais-de-3-mil-atendimentos-em-setembro-de-2024-no-pronto-socorro-de-muzambinho\/\"><img decoding=\"async\" width=\"1600\" height=\"1200\" src=\"data:image\/svg+xml,%3Csvg%20xmlns%3D&#039;http%3A%2F%2Fwww.w3.org%2F2000%2Fsvg&#039;%20viewBox%3D&#039;0%200%201600%201200&#039;%2F%3E\" class=\"attachment-full size-full preload-me aspect lazy lazy-load\" alt=\"\" sizes=\"(max-width: 1600px) 100vw, 1600px\" style=\"--ratio: 1600 \/ 1200;\" data-src=\"https:\/\/santacasamuzambinho.org.br\/wp-content\/uploads\/2024\/06\/IMG_20240606_161241.jpg\" loading=\"eager\" data-srcset=\"https:\/\/santacasamuzambinho.org.br\/wp-content\/uploads\/2024\/06\/IMG_20240606_161241.jpg 1600w, https:\/\/santacasamuzambinho.org.br\/wp-content\/uploads\/2024\/06\/IMG_20240606_161241-300x225.jpg 300w, https:\/\/santacasamuzambinho.org.br\/wp-content\/uploads\/2024\/06\/IMG_20240606_161241-1024x768.jpg 1024w, https:\/\/santacasamuzambinho.org.br\/wp-content\/uploads\/2024\/06\/IMG_20240606_161241-768x576.jpg 768w, https:\/\/santacasamuzambinho.org.br\/wp-content\/uploads\/2024\/06\/IMG_20240606_161241-1536x1152.jpg 1536w\" \/><span class=\"the7-hover-icon\"><i aria-hidden=\"true\" class=\"feather feather-more-horizontal\"><\/i><\/span><\/a>\n\t\t<\/div>\n\t<\/div>\n\n\n<div class=\"post-entry-content\">\n\n\t<h3 class=\"ele-entry-title\"><a href=\"https:\/\/santacasamuzambinho.org.br\/index.php\/2024\/10\/11\/mais-de-3-mil-atendimentos-em-setembro-de-2024-no-pronto-socorro-de-muzambinho\/\" rel=\"bookmark\" title=\"Mais de 3 mil atendimentos em Setembro de 2024 no Pronto Socorro de Muzambinho\">Mais de 3 mil atendimentos em Setembro de 2024 no Pronto Socorro de Muzambinho<\/a><\/h3><div class=\"entry-meta\"><span class=\"meta-item category-link\"><span>Presta\u00e7\u00e3o de Contas<\/span><\/span><\/div>\n<\/div><\/article><\/div><div class=\"hidden wf-cell iso-item category-38\" data-post-id=\"6829\" data-date=\"2024-06-24T09:30:19-03:00\" data-name=\"Projeto Kavanah do Albert Einstein faz cirurgias eletivas em Muzambinho\"><article class=\"post visible post-6829 type-post status-publish format-standard has-post-thumbnail hentry category-geral tag-cirurgias tag-projeto category-38 description-off\" data-name=\"Projeto Kavanah do Albert Einstein faz cirurgias eletivas em Muzambinho\" data-date=\"2024-06-24T09:30:19-03:00\">\n\n\t<div class=\"post-thumbnail-wrap\">\n\t\t<div class=\"post-thumbnail\">\n\n\t\t\t<a class=\"post-thumbnail-rollover layzr-bg img-css-resize-wrapper\" aria-label=\"redimensionar imagens\" href=\"https:\/\/santacasamuzambinho.org.br\/index.php\/2024\/06\/24\/projeto-kavanah-do-albert-einstein-faz-cirurgias-eletivas-em-muzambinho\/\"><img decoding=\"async\" width=\"1061\" height=\"711\" src=\"data:image\/svg+xml,%3Csvg%20xmlns%3D&#039;http%3A%2F%2Fwww.w3.org%2F2000%2Fsvg&#039;%20viewBox%3D&#039;0%200%201061%20711&#039;%2F%3E\" class=\"attachment-full size-full preload-me aspect lazy lazy-load\" alt=\"\" style=\"--ratio: 1061 \/ 711;\" data-src=\"https:\/\/santacasamuzambinho.org.br\/wp-content\/uploads\/2024\/06\/w1061h711.avif\" loading=\"eager\" \/><span class=\"the7-hover-icon\"><i aria-hidden=\"true\" class=\"feather feather-more-horizontal\"><\/i><\/span><\/a>\n\t\t<\/div>\n\t<\/div>\n\n\n<div class=\"post-entry-content\">\n\n\t<h3 class=\"ele-entry-title\"><a href=\"https:\/\/santacasamuzambinho.org.br\/index.php\/2024\/06\/24\/projeto-kavanah-do-albert-einstein-faz-cirurgias-eletivas-em-muzambinho\/\" rel=\"bookmark\" title=\"Projeto Kavanah do Albert Einstein faz cirurgias eletivas em Muzambinho\">Projeto Kavanah do Albert Einstein faz cirurgias eletivas em Muzambinho<\/a><\/h3><div class=\"entry-meta\"><span class=\"meta-item category-link\"><span>Geral<\/span><\/span><\/div>\n<\/div><\/article><\/div><div class=\"hidden wf-cell iso-item category-3\" data-post-id=\"6826\" data-date=\"2024-06-24T09:25:54-03:00\" data-name=\"C\u00e2mara de Vereadores Aprova Cr\u00e9dito de 57 mil reais para Santa Casa de Muzambinho.\"><article class=\"post visible post-6826 type-post status-publish format-standard has-post-thumbnail hentry category-administracao tag-camara-de-vereadores tag-verba category-3 description-off\" data-name=\"C\u00e2mara de Vereadores Aprova Cr\u00e9dito de 57 mil reais para Santa Casa de Muzambinho.\" data-date=\"2024-06-24T09:25:54-03:00\">\n\n\t<div class=\"post-thumbnail-wrap\">\n\t\t<div class=\"post-thumbnail\">\n\n\t\t\t<a class=\"post-thumbnail-rollover layzr-bg img-css-resize-wrapper\" aria-label=\"redimensionar imagens\" href=\"https:\/\/santacasamuzambinho.org.br\/index.php\/2024\/06\/24\/camara-de-vereadores-aprova-credito-de-57-mil-reais-para-santa-casa-de-muzambinho\/\"><img decoding=\"async\" width=\"743\" height=\"498\" src=\"data:image\/svg+xml,%3Csvg%20xmlns%3D&#039;http%3A%2F%2Fwww.w3.org%2F2000%2Fsvg&#039;%20viewBox%3D&#039;0%200%20743%20498&#039;%2F%3E\" class=\"attachment-full size-full preload-me aspect lazy lazy-load\" alt=\"\" style=\"--ratio: 743 \/ 498;\" data-src=\"https:\/\/santacasamuzambinho.org.br\/wp-content\/uploads\/2024\/06\/w743h498.avif\" loading=\"eager\" \/><span class=\"the7-hover-icon\"><i aria-hidden=\"true\" class=\"feather feather-more-horizontal\"><\/i><\/span><\/a>\n\t\t<\/div>\n\t<\/div>\n\n\n<div class=\"post-entry-content\">\n\n\t<h3 class=\"ele-entry-title\"><a href=\"https:\/\/santacasamuzambinho.org.br\/index.php\/2024\/06\/24\/camara-de-vereadores-aprova-credito-de-57-mil-reais-para-santa-casa-de-muzambinho\/\" rel=\"bookmark\" title=\"C\u00e2mara de Vereadores Aprova Cr\u00e9dito de 57 mil reais para Santa Casa de Muzambinho.\">C\u00e2mara de Vereadores Aprova Cr\u00e9dito de 57 mil reais para Santa Casa de Muzambinho.<\/a><\/h3><div class=\"entry-meta\"><span class=\"meta-item category-link\"><span>Administra\u00e7\u00e3o<\/span><\/span><\/div>\n<\/div><\/article><\/div><div class=\"hidden wf-cell iso-item category-38\" data-post-id=\"6821\" data-date=\"2024-06-24T09:23:25-03:00\" data-name=\"Mais 81 Cirurgias de Cataratas realizadas na Santa Casa de Muzambinho gra\u00e7as a Parcerias\"><article class=\"post visible post-6821 type-post status-publish format-standard has-post-thumbnail hentry category-geral tag-cirurgias tag-mutirao category-38 description-off\" data-name=\"Mais 81 Cirurgias de Cataratas realizadas na Santa Casa de Muzambinho gra\u00e7as a Parcerias\" data-date=\"2024-06-24T09:23:25-03:00\">\n\n\t<div class=\"post-thumbnail-wrap\">\n\t\t<div class=\"post-thumbnail\">\n\n\t\t\t<a class=\"post-thumbnail-rollover layzr-bg img-css-resize-wrapper\" aria-label=\"redimensionar imagens\" href=\"https:\/\/santacasamuzambinho.org.br\/index.php\/2024\/06\/24\/mais-81-cirurgias-de-cataratas-realizadas-na-santa-casa-de-muzambinho-gracas-a-parcerias\/\"><img decoding=\"async\" width=\"1035\" height=\"694\" src=\"data:image\/svg+xml,%3Csvg%20xmlns%3D&#039;http%3A%2F%2Fwww.w3.org%2F2000%2Fsvg&#039;%20viewBox%3D&#039;0%200%201035%20694&#039;%2F%3E\" class=\"attachment-full size-full preload-me aspect lazy lazy-load\" alt=\"\" style=\"--ratio: 1035 \/ 694;\" data-src=\"https:\/\/santacasamuzambinho.org.br\/wp-content\/uploads\/2024\/06\/w1035h694.avif\" loading=\"eager\" \/><span class=\"the7-hover-icon\"><i aria-hidden=\"true\" class=\"feather feather-more-horizontal\"><\/i><\/span><\/a>\n\t\t<\/div>\n\t<\/div>\n\n\n<div class=\"post-entry-content\">\n\n\t<h3 class=\"ele-entry-title\"><a href=\"https:\/\/santacasamuzambinho.org.br\/index.php\/2024\/06\/24\/mais-81-cirurgias-de-cataratas-realizadas-na-santa-casa-de-muzambinho-gracas-a-parcerias\/\" rel=\"bookmark\" title=\"Mais 81 Cirurgias de Cataratas realizadas na Santa Casa de Muzambinho gra\u00e7as a Parcerias\">Mais 81 Cirurgias de Cataratas realizadas na Santa Casa de Muzambinho gra\u00e7as a Parcerias<\/a><\/h3><div class=\"entry-meta\"><span class=\"meta-item category-link\"><span>Geral<\/span><\/span><\/div>\n<\/div><\/article><\/div><div class=\"hidden wf-cell iso-item category-38\" data-post-id=\"6815\" data-date=\"2024-06-24T09:17:24-03:00\" data-name=\"Mutir\u00e3o de Cirurgias de Cataratas na Santa Casa de Muzambinho: Uma Luz para a Vis\u00e3o e a Esperan\u00e7a\"><article class=\"post visible post-6815 type-post status-publish format-standard has-post-thumbnail hentry category-geral tag-cirurgias tag-mutirao category-38 description-off\" data-name=\"Mutir\u00e3o de Cirurgias de Cataratas na Santa Casa de Muzambinho: Uma Luz para a Vis\u00e3o e a Esperan\u00e7a\" data-date=\"2024-06-24T09:17:24-03:00\">\n\n\t<div class=\"post-thumbnail-wrap\">\n\t\t<div class=\"post-thumbnail\">\n\n\t\t\t<a class=\"post-thumbnail-rollover layzr-bg img-css-resize-wrapper\" aria-label=\"redimensionar imagens\" href=\"https:\/\/santacasamuzambinho.org.br\/index.php\/2024\/06\/24\/mutirao-de-cirurgias-de-cataratas-na-santa-casa-de-muzambinho-uma-luz-para-a-visao-e-a-esperanca\/\"><img decoding=\"async\" width=\"1035\" height=\"779\" src=\"data:image\/svg+xml,%3Csvg%20xmlns%3D&#039;http%3A%2F%2Fwww.w3.org%2F2000%2Fsvg&#039;%20viewBox%3D&#039;0%200%201035%20779&#039;%2F%3E\" class=\"attachment-full size-full preload-me aspect lazy lazy-load\" alt=\"\" sizes=\"(max-width: 1035px) 100vw, 1035px\" style=\"--ratio: 1035 \/ 779;\" data-src=\"https:\/\/santacasamuzambinho.org.br\/wp-content\/uploads\/2024\/06\/StaCasaMut1052401.jpg\" loading=\"eager\" data-srcset=\"https:\/\/santacasamuzambinho.org.br\/wp-content\/uploads\/2024\/06\/StaCasaMut1052401.jpg 1035w, https:\/\/santacasamuzambinho.org.br\/wp-content\/uploads\/2024\/06\/StaCasaMut1052401-300x226.jpg 300w, https:\/\/santacasamuzambinho.org.br\/wp-content\/uploads\/2024\/06\/StaCasaMut1052401-1024x771.jpg 1024w, https:\/\/santacasamuzambinho.org.br\/wp-content\/uploads\/2024\/06\/StaCasaMut1052401-768x578.jpg 768w\" \/><span class=\"the7-hover-icon\"><i aria-hidden=\"true\" class=\"feather feather-more-horizontal\"><\/i><\/span><\/a>\n\t\t<\/div>\n\t<\/div>\n\n\n<div class=\"post-entry-content\">\n\n\t<h3 class=\"ele-entry-title\"><a href=\"https:\/\/santacasamuzambinho.org.br\/index.php\/2024\/06\/24\/mutirao-de-cirurgias-de-cataratas-na-santa-casa-de-muzambinho-uma-luz-para-a-visao-e-a-esperanca\/\" rel=\"bookmark\" title=\"Mutir\u00e3o de Cirurgias de Cataratas na Santa Casa de Muzambinho: Uma Luz para a Vis\u00e3o e a Esperan\u00e7a\">Mutir\u00e3o de Cirurgias de Cataratas na Santa Casa de Muzambinho: Uma Luz para a Vis\u00e3o e a Esperan\u00e7a<\/a><\/h3><div class=\"entry-meta\"><span class=\"meta-item category-link\"><span>Geral<\/span><\/span><\/div>\n<\/div><\/article><\/div><div class=\"hidden wf-cell iso-item category-2 category-37\" data-post-id=\"163\" data-date=\"2019-11-13T12:29:24-03:00\" data-name=\"Quisque semper malesuada ipsum\"><article class=\"post visible post-163 type-post status-publish format-standard has-post-thumbnail hentry category-colunista category-prestacao-de-contas\" data-name=\"Quisque semper malesuada ipsum\" data-date=\"2019-11-13T12:29:24-03:00\">\n\n\t<div class=\"post-thumbnail-wrap\">\n\t\t<div class=\"post-thumbnail\">\n\n\t\t\t<a class=\"post-thumbnail-rollover layzr-bg img-css-resize-wrapper\" aria-label=\"redimensionar imagens\" href=\"https:\/\/santacasamuzambinho.org.br\/index.php\/2019\/11\/13\/quisque-semper-malesuada-ipsum\/\"><img decoding=\"async\" width=\"950\" height=\"1200\" src=\"data:image\/svg+xml,%3Csvg%20xmlns%3D&#039;http%3A%2F%2Fwww.w3.org%2F2000%2Fsvg&#039;%20viewBox%3D&#039;0%200%20950%201200&#039;%2F%3E\" class=\"attachment-full size-full preload-me aspect lazy lazy-load\" alt=\"\" sizes=\"(max-width: 950px) 100vw, 950px\" style=\"--ratio: 950 \/ 1200;\" data-src=\"https:\/\/santacasamuzambinho.org.br\/wp-content\/uploads\/2019\/11\/7-bg-129.jpg\" loading=\"eager\" data-srcset=\"https:\/\/santacasamuzambinho.org.br\/wp-content\/uploads\/2019\/11\/7-bg-129.jpg 950w, https:\/\/santacasamuzambinho.org.br\/wp-content\/uploads\/2019\/11\/7-bg-129-238x300.jpg 238w, https:\/\/santacasamuzambinho.org.br\/wp-content\/uploads\/2019\/11\/7-bg-129-811x1024.jpg 811w, https:\/\/santacasamuzambinho.org.br\/wp-content\/uploads\/2019\/11\/7-bg-129-768x970.jpg 768w\" \/><span class=\"the7-hover-icon\"><i aria-hidden=\"true\" class=\"feather feather-more-horizontal\"><\/i><\/span><\/a>\n\t\t<\/div>\n\t<\/div>\n\n\n<div class=\"post-entry-content\">\n\n\t<h3 class=\"ele-entry-title\"><a href=\"https:\/\/santacasamuzambinho.org.br\/index.php\/2019\/11\/13\/quisque-semper-malesuada-ipsum\/\" rel=\"bookmark\" title=\"Quisque semper malesuada ipsum\">Quisque semper malesuada ipsum<\/a><\/h3><div class=\"entry-meta\"><span class=\"meta-item category-link\"><span>Colunista<\/span>, <span>Presta\u00e7\u00e3o de Contas<\/span><\/span><\/div>\n<\/div><\/article><\/div><\/div><!-- iso-container|iso-grid --><div class=\"paginator filter-decorations paginator-more-button filter-pointer-framed\">\n\t\t\t\t<a class=\"button-load-more highlighted filter-item\" href=\"javascript:void(0);\" data-dt-page=\"1\" ><span class=\"button-caption\">Load more<\/span><i aria-hidden=\"true\" class=\"feather feather-more-horizontal\"><\/i><\/a>\n\t\t\t<\/div><\/div>\t\t\t\t<\/div>\n\t\t\t\t<\/div>\n\t\t\t\t\t<\/div>\n\t\t<\/div>\n\t\t\t\t\t<\/div>\n\t\t<\/section>\n\t\t\t\t<\/div>\n\t\t","protected":false},"excerpt":{"rendered":"","protected":false},"author":1,"featured_media":0,"parent":0,"menu_order":27,"comment_status":"closed","ping_status":"closed","template":"","meta":{"footnotes":""},"class_list":["post-2293","page","type-page","status-publish","hentry"],"_links":{"self":[{"href":"https:\/\/santacasamuzambinho.org.br\/index.php\/wp-json\/wp\/v2\/pages\/2293","targetHints":{"allow":["GET"]}}],"collection":[{"href":"https:\/\/santacasamuzambinho.org.br\/index.php\/wp-json\/wp\/v2\/pages"}],"about":[{"href":"https:\/\/santacasamuzambinho.org.br\/index.php\/wp-json\/wp\/v2\/types\/page"}],"author":[{"embeddable":true,"href":"https:\/\/santacasamuzambinho.org.br\/index.php\/wp-json\/wp\/v2\/users\/1"}],"replies":[{"embeddable":true,"href":"https:\/\/santacasamuzambinho.org.br\/index.php\/wp-json\/wp\/v2\/comments?post=2293"}],"version-history":[{"count":0,"href":"https:\/\/santacasamuzambinho.org.br\/index.php\/wp-json\/wp\/v2\/pages\/2293\/revisions"}],"wp:attachment":[{"href":"https:\/\/santacasamuzambinho.org.br\/index.php\/wp-json\/wp\/v2\/media?parent=2293"}],"curies":[{"name":"wp","href":"https:\/\/api.w.org\/{rel}","templated":true}]}}