{"id":2303,"date":"2019-12-20T10:56:48","date_gmt":"2019-12-20T10:56:48","guid":{"rendered":"https:\/\/the7.io\/elementor-starter\/?page_id=2303"},"modified":"2024-06-07T01:37:04","modified_gmt":"2024-06-07T04:37:04","slug":"blog","status":"publish","type":"page","link":"https:\/\/santacasamuzambinho.org.br\/index.php\/blog\/","title":{"rendered":"Blog"},"content":{"rendered":"\t\t<div data-elementor-type=\"wp-page\" data-elementor-id=\"2303\" class=\"elementor elementor-2303\" data-elementor-post-type=\"page\">\n\t\t\t\t\t\t<section class=\"elementor-section elementor-top-section elementor-element elementor-element-0638455 elementor-section-stretched elementor-section-boxed elementor-section-height-default elementor-section-height-default\" data-id=\"0638455\" data-element_type=\"section\" data-e-type=\"section\" data-settings=\"{&quot;stretch_section&quot;:&quot;section-stretched&quot;,&quot;background_background&quot;:&quot;classic&quot;}\">\n\t\t\t\t\t\t<div class=\"elementor-container elementor-column-gap-no\">\n\t\t\t\t\t<div class=\"elementor-column elementor-col-100 elementor-top-column elementor-element elementor-element-ed3c02a\" data-id=\"ed3c02a\" data-element_type=\"column\" data-e-type=\"column\">\n\t\t\t<div class=\"elementor-widget-wrap elementor-element-populated\">\n\t\t\t\t\t\t<div class=\"elementor-element elementor-element-765a4d3 preserve-img-ratio-cover elementor-widget elementor-widget-the7_elements\" data-id=\"765a4d3\" data-element_type=\"widget\" data-e-type=\"widget\" data-widget_type=\"the7_elements.default\">\n\t\t\t\t<div class=\"elementor-widget-container\">\n\t\t\t\t\t<div class=\"portfolio-shortcode the7-elementor-widget the7_elements-765a4d3 mode-grid dt-css-grid-wrap classic-layout-list description-under-image content-bg-on resize-by-browser-width widget-with-filter loading-effect-none enable-pagination-scroll jquery-filter\" data-padding=\"60px\" data-mobile-columns-num=\"1\" data-tablet-columns-num=\"2\" data-desktop-columns-num=\"3\" data-wide-desktop-columns-num=\"3\" data-post-limit=\"6\" data-pagination-mode=\"pages\" data-scroll-offset=\"-90\" aria-live=\"assertive\"><div class=\"iso-filter filter-decorations css-grid-filter extras-off filter filter-pointer-underline filter-animation-fade   \"><div class=\"filter-categories\" data-default-order=\"\" data-default-orderby=\"\"><a href=\"https:\/\/santacasamuzambinho.org.br\/index.php\/blog\/\" class=\"show-all filter-item act\" data-filter=\"*\" aria-label=\"Apply filter: Ver tudo\">Ver tudo<\/a><a href=\"https:\/\/santacasamuzambinho.org.br\/index.php\/blog\/?term=administracao\" class=\"filter-item administracao\" data-filter=\".category-3\" aria-label=\"Apply filter: Administra\u00e7\u00e3o\">Administra\u00e7\u00e3o<\/a><a href=\"https:\/\/santacasamuzambinho.org.br\/index.php\/blog\/?term=colunista\" class=\"filter-item colunista\" data-filter=\".category-2\" aria-label=\"Apply filter: Colunista\">Colunista<\/a><a href=\"https:\/\/santacasamuzambinho.org.br\/index.php\/blog\/?term=geral\" class=\"filter-item geral\" data-filter=\".category-38\" aria-label=\"Apply filter: Geral\">Geral<\/a><a href=\"https:\/\/santacasamuzambinho.org.br\/index.php\/blog\/?term=prestacao-de-contas\" class=\"filter-item prestacao-de-contas\" data-filter=\".category-37\" aria-label=\"Apply filter: Presta\u00e7\u00e3o de Contas\">Presta\u00e7\u00e3o de Contas<\/a><\/div><\/div><div class=\"dt-css-grid custom-pagination-handler\"><div class=\"visible wf-cell category-37\" data-post-id=\"6921\" data-date=\"2026-03-05T15:16:44-03:00\" data-name=\"Santa Casa de Muzambinho realizou 2.438 atendimentos no pronto-socorro em fevereiro de 2026\"><article class=\"post visible post-6921 type-post status-publish format-standard has-post-thumbnail hentry category-prestacao-de-contas tag-hospital tag-pronto-socorro tag-santa-casa category-37 description-off\" data-name=\"Santa Casa de Muzambinho realizou 2.438 atendimentos no pronto-socorro em fevereiro de 2026\" data-date=\"2026-03-05T15:16:44-03:00\">\n\n\t<div class=\"post-thumbnail-wrap\">\n\t\t<div class=\"post-thumbnail\">\n\n\t\t\t<a class=\"post-thumbnail-rollover layzr-bg img-css-resize-wrapper\" aria-label=\"redimensionar imagens\" href=\"https:\/\/santacasamuzambinho.org.br\/index.php\/2026\/03\/05\/santa-casa-de-muzambinho-realizou-2-438-atendimentos-no-pronto-socorro-em-fevereiro-de-2026\/\"><img fetchpriority=\"high\" decoding=\"async\" width=\"1600\" height=\"1200\" src=\"data:image\/svg+xml,%3Csvg%20xmlns%3D&#039;http%3A%2F%2Fwww.w3.org%2F2000%2Fsvg&#039;%20viewBox%3D&#039;0%200%201600%201200&#039;%2F%3E\" class=\"attachment-full size-full preload-me aspect lazy lazy-load\" alt=\"\" sizes=\"(max-width: 1600px) 100vw, 1600px\" style=\"--ratio: 1600 \/ 1200;\" data-src=\"https:\/\/santacasamuzambinho.org.br\/wp-content\/uploads\/2024\/06\/IMG_20240606_161332.jpg\" loading=\"eager\" data-srcset=\"https:\/\/santacasamuzambinho.org.br\/wp-content\/uploads\/2024\/06\/IMG_20240606_161332.jpg 1600w, https:\/\/santacasamuzambinho.org.br\/wp-content\/uploads\/2024\/06\/IMG_20240606_161332-300x225.jpg 300w, https:\/\/santacasamuzambinho.org.br\/wp-content\/uploads\/2024\/06\/IMG_20240606_161332-1024x768.jpg 1024w, https:\/\/santacasamuzambinho.org.br\/wp-content\/uploads\/2024\/06\/IMG_20240606_161332-768x576.jpg 768w, https:\/\/santacasamuzambinho.org.br\/wp-content\/uploads\/2024\/06\/IMG_20240606_161332-1536x1152.jpg 1536w\" \/><span class=\"the7-hover-icon\"><i aria-hidden=\"true\" class=\"feather feather-more-horizontal\"><\/i><\/span><\/a>\n\t\t<\/div>\n\t<\/div>\n\n\n<div class=\"post-entry-content\">\n\n\t<h3 class=\"ele-entry-title\"><a href=\"https:\/\/santacasamuzambinho.org.br\/index.php\/2026\/03\/05\/santa-casa-de-muzambinho-realizou-2-438-atendimentos-no-pronto-socorro-em-fevereiro-de-2026\/\" rel=\"bookmark\" title=\"Santa Casa de Muzambinho realizou 2.438 atendimentos no pronto-socorro em fevereiro de 2026\">Santa Casa de Muzambinho realizou 2.438 atendimentos no pronto-socorro em fevereiro de 2026<\/a><\/h3><div class=\"entry-meta\"><span class=\"meta-item category-link\"><span>Presta\u00e7\u00e3o de Contas<\/span><\/span><a href=\"https:\/\/santacasamuzambinho.org.br\/index.php\/2026\/03\/05\/\" title=\"15:16\" class=\"meta-item data-link\" rel=\"bookmark\"><time class=\"entry-date updated\" datetime=\"2026-03-05T15:16:44-03:00\">5 de mar\u00e7o de 2026<\/time><\/a><\/div><div class=\"entry-excerpt\"><p>SUS respondeu por mais de 2,1 mil atendimentos; mulheres foram maioria entre os pacientes<\/p>\n<\/div><a href=\"https:\/\/santacasamuzambinho.org.br\/index.php\/2026\/03\/05\/santa-casa-de-muzambinho-realizou-2-438-atendimentos-no-pronto-socorro-em-fevereiro-de-2026\/\" target=\"\" aria-label=\"Bot\u00e3o &quot;Leia mais&quot; Santa Casa de Muzambinho realizou 2.438 atendimentos no pronto-socorro em fevereiro de 2026\" class=\"box-button elementor-button elementor-size-sm\">Ler Mais<\/a>\n<\/div><\/article><\/div><div class=\"visible wf-cell category-37\" data-post-id=\"6913\" data-date=\"2026-01-09T15:11:39-03:00\" data-name=\"Santa Casa de Muzambinho realizou mais de 34 mil atendimentos em 2025\"><article class=\"post visible post-6913 type-post status-publish format-standard has-post-thumbnail hentry category-prestacao-de-contas tag-hospital tag-pronto-socorro tag-santa-casa category-37 description-off\" data-name=\"Santa Casa de Muzambinho realizou mais de 34 mil atendimentos em 2025\" data-date=\"2026-01-09T15:11:39-03:00\">\n\n\t<div class=\"post-thumbnail-wrap\">\n\t\t<div class=\"post-thumbnail\">\n\n\t\t\t<a class=\"post-thumbnail-rollover layzr-bg img-css-resize-wrapper\" aria-label=\"redimensionar imagens\" href=\"https:\/\/santacasamuzambinho.org.br\/index.php\/2026\/01\/09\/santa-casa-de-muzambinho-realizou-mais-de-34-mil-atendimentos-em-2025\/\"><img fetchpriority=\"high\" decoding=\"async\" width=\"1600\" height=\"1200\" src=\"data:image\/svg+xml,%3Csvg%20xmlns%3D&#039;http%3A%2F%2Fwww.w3.org%2F2000%2Fsvg&#039;%20viewBox%3D&#039;0%200%201600%201200&#039;%2F%3E\" class=\"attachment-full size-full preload-me aspect lazy lazy-load\" alt=\"\" sizes=\"(max-width: 1600px) 100vw, 1600px\" style=\"--ratio: 1600 \/ 1200;\" data-src=\"https:\/\/santacasamuzambinho.org.br\/wp-content\/uploads\/2024\/06\/IMG_20240606_161332.jpg\" loading=\"eager\" data-srcset=\"https:\/\/santacasamuzambinho.org.br\/wp-content\/uploads\/2024\/06\/IMG_20240606_161332.jpg 1600w, https:\/\/santacasamuzambinho.org.br\/wp-content\/uploads\/2024\/06\/IMG_20240606_161332-300x225.jpg 300w, https:\/\/santacasamuzambinho.org.br\/wp-content\/uploads\/2024\/06\/IMG_20240606_161332-1024x768.jpg 1024w, https:\/\/santacasamuzambinho.org.br\/wp-content\/uploads\/2024\/06\/IMG_20240606_161332-768x576.jpg 768w, https:\/\/santacasamuzambinho.org.br\/wp-content\/uploads\/2024\/06\/IMG_20240606_161332-1536x1152.jpg 1536w\" \/><span class=\"the7-hover-icon\"><i aria-hidden=\"true\" class=\"feather feather-more-horizontal\"><\/i><\/span><\/a>\n\t\t<\/div>\n\t<\/div>\n\n\n<div class=\"post-entry-content\">\n\n\t<h3 class=\"ele-entry-title\"><a href=\"https:\/\/santacasamuzambinho.org.br\/index.php\/2026\/01\/09\/santa-casa-de-muzambinho-realizou-mais-de-34-mil-atendimentos-em-2025\/\" rel=\"bookmark\" title=\"Santa Casa de Muzambinho realizou mais de 34 mil atendimentos em 2025\">Santa Casa de Muzambinho realizou mais de 34 mil atendimentos em 2025<\/a><\/h3><div class=\"entry-meta\"><span class=\"meta-item category-link\"><span>Presta\u00e7\u00e3o de Contas<\/span><\/span><a href=\"https:\/\/santacasamuzambinho.org.br\/index.php\/2026\/01\/09\/\" title=\"15:11\" class=\"meta-item data-link\" rel=\"bookmark\"><time class=\"entry-date updated\" datetime=\"2026-01-09T15:11:39-03:00\">9 de janeiro de 2026<\/time><\/a><\/div><div class=\"entry-excerpt\"><p>SUS respondeu por mais de 85% da demanda; mulheres foram maioria entre os pacientes<\/p>\n<\/div><a href=\"https:\/\/santacasamuzambinho.org.br\/index.php\/2026\/01\/09\/santa-casa-de-muzambinho-realizou-mais-de-34-mil-atendimentos-em-2025\/\" target=\"\" aria-label=\"Bot\u00e3o &quot;Leia mais&quot; Santa Casa de Muzambinho realizou mais de 34 mil atendimentos em 2025\" class=\"box-button elementor-button elementor-size-sm\">Ler Mais<\/a>\n<\/div><\/article><\/div><div class=\"visible wf-cell category-37\" data-post-id=\"6904\" data-date=\"2025-11-04T10:54:02-03:00\" data-name=\"Santa Casa de Muzambinho realizou 2.727 atendimentos no pronto-socorro em outubro\"><article class=\"post visible post-6904 type-post status-publish format-standard has-post-thumbnail hentry category-prestacao-de-contas tag-hospital tag-pronto-socorro tag-santa-casa category-37 description-off\" data-name=\"Santa Casa de Muzambinho realizou 2.727 atendimentos no pronto-socorro em outubro\" data-date=\"2025-11-04T10:54:02-03:00\">\n\n\t<div class=\"post-thumbnail-wrap\">\n\t\t<div class=\"post-thumbnail\">\n\n\t\t\t<a class=\"post-thumbnail-rollover layzr-bg img-css-resize-wrapper\" aria-label=\"redimensionar imagens\" href=\"https:\/\/santacasamuzambinho.org.br\/index.php\/2025\/11\/04\/santa-casa-de-muzambinho-realizou-2-727-atendimentos-no-pronto-socorro-em-outubro\/\"><img fetchpriority=\"high\" decoding=\"async\" width=\"1600\" height=\"1200\" src=\"data:image\/svg+xml,%3Csvg%20xmlns%3D&#039;http%3A%2F%2Fwww.w3.org%2F2000%2Fsvg&#039;%20viewBox%3D&#039;0%200%201600%201200&#039;%2F%3E\" class=\"attachment-full size-full preload-me aspect lazy lazy-load\" alt=\"\" sizes=\"(max-width: 1600px) 100vw, 1600px\" style=\"--ratio: 1600 \/ 1200;\" data-src=\"https:\/\/santacasamuzambinho.org.br\/wp-content\/uploads\/2024\/06\/IMG_20240606_161332.jpg\" loading=\"eager\" data-srcset=\"https:\/\/santacasamuzambinho.org.br\/wp-content\/uploads\/2024\/06\/IMG_20240606_161332.jpg 1600w, https:\/\/santacasamuzambinho.org.br\/wp-content\/uploads\/2024\/06\/IMG_20240606_161332-300x225.jpg 300w, https:\/\/santacasamuzambinho.org.br\/wp-content\/uploads\/2024\/06\/IMG_20240606_161332-1024x768.jpg 1024w, https:\/\/santacasamuzambinho.org.br\/wp-content\/uploads\/2024\/06\/IMG_20240606_161332-768x576.jpg 768w, https:\/\/santacasamuzambinho.org.br\/wp-content\/uploads\/2024\/06\/IMG_20240606_161332-1536x1152.jpg 1536w\" \/><span class=\"the7-hover-icon\"><i aria-hidden=\"true\" class=\"feather feather-more-horizontal\"><\/i><\/span><\/a>\n\t\t<\/div>\n\t<\/div>\n\n\n<div class=\"post-entry-content\">\n\n\t<h3 class=\"ele-entry-title\"><a href=\"https:\/\/santacasamuzambinho.org.br\/index.php\/2025\/11\/04\/santa-casa-de-muzambinho-realizou-2-727-atendimentos-no-pronto-socorro-em-outubro\/\" rel=\"bookmark\" title=\"Santa Casa de Muzambinho realizou 2.727 atendimentos no pronto-socorro em outubro\">Santa Casa de Muzambinho realizou 2.727 atendimentos no pronto-socorro em outubro<\/a><\/h3><div class=\"entry-meta\"><span class=\"meta-item category-link\"><span>Presta\u00e7\u00e3o de Contas<\/span><\/span><a href=\"https:\/\/santacasamuzambinho.org.br\/index.php\/2025\/11\/04\/\" title=\"10:54\" class=\"meta-item data-link\" rel=\"bookmark\"><time class=\"entry-date updated\" datetime=\"2025-11-04T10:54:02-03:00\">4 de novembro de 2025<\/time><\/a><\/div><div class=\"entry-excerpt\"><p>SUS respondeu por mais de 85% dos atendimentos; maioria dos pacientes foi do sexo feminino<\/p>\n<\/div><a href=\"https:\/\/santacasamuzambinho.org.br\/index.php\/2025\/11\/04\/santa-casa-de-muzambinho-realizou-2-727-atendimentos-no-pronto-socorro-em-outubro\/\" target=\"\" aria-label=\"Bot\u00e3o &quot;Leia mais&quot; Santa Casa de Muzambinho realizou 2.727 atendimentos no pronto-socorro em outubro\" class=\"box-button elementor-button elementor-size-sm\">Ler Mais<\/a>\n<\/div><\/article><\/div><div class=\"visible wf-cell category-37\" data-post-id=\"6895\" data-date=\"2025-10-07T09:22:06-03:00\" data-name=\"Santa Casa de Muzambinho registrou 2.912 atendimentos no Pronto-Socorro em setembro\"><article class=\"post visible post-6895 type-post status-publish format-standard has-post-thumbnail hentry category-prestacao-de-contas tag-hospital tag-pronto-socorro tag-santa-casa category-37 description-off\" data-name=\"Santa Casa de Muzambinho registrou 2.912 atendimentos no Pronto-Socorro em setembro\" data-date=\"2025-10-07T09:22:06-03:00\">\n\n\t<div class=\"post-thumbnail-wrap\">\n\t\t<div class=\"post-thumbnail\">\n\n\t\t\t<a class=\"post-thumbnail-rollover layzr-bg img-css-resize-wrapper\" aria-label=\"redimensionar imagens\" href=\"https:\/\/santacasamuzambinho.org.br\/index.php\/2025\/10\/07\/santa-casa-de-muzambinho-registrou-2-912-atendimentos-no-pronto-socorro-em-setembro\/\"><img fetchpriority=\"high\" decoding=\"async\" width=\"1600\" height=\"1200\" src=\"data:image\/svg+xml,%3Csvg%20xmlns%3D&#039;http%3A%2F%2Fwww.w3.org%2F2000%2Fsvg&#039;%20viewBox%3D&#039;0%200%201600%201200&#039;%2F%3E\" class=\"attachment-full size-full preload-me aspect lazy lazy-load\" alt=\"\" sizes=\"(max-width: 1600px) 100vw, 1600px\" style=\"--ratio: 1600 \/ 1200;\" data-src=\"https:\/\/santacasamuzambinho.org.br\/wp-content\/uploads\/2024\/06\/IMG_20240606_161332.jpg\" loading=\"eager\" data-srcset=\"https:\/\/santacasamuzambinho.org.br\/wp-content\/uploads\/2024\/06\/IMG_20240606_161332.jpg 1600w, https:\/\/santacasamuzambinho.org.br\/wp-content\/uploads\/2024\/06\/IMG_20240606_161332-300x225.jpg 300w, https:\/\/santacasamuzambinho.org.br\/wp-content\/uploads\/2024\/06\/IMG_20240606_161332-1024x768.jpg 1024w, https:\/\/santacasamuzambinho.org.br\/wp-content\/uploads\/2024\/06\/IMG_20240606_161332-768x576.jpg 768w, https:\/\/santacasamuzambinho.org.br\/wp-content\/uploads\/2024\/06\/IMG_20240606_161332-1536x1152.jpg 1536w\" \/><span class=\"the7-hover-icon\"><i aria-hidden=\"true\" class=\"feather feather-more-horizontal\"><\/i><\/span><\/a>\n\t\t<\/div>\n\t<\/div>\n\n\n<div class=\"post-entry-content\">\n\n\t<h3 class=\"ele-entry-title\"><a href=\"https:\/\/santacasamuzambinho.org.br\/index.php\/2025\/10\/07\/santa-casa-de-muzambinho-registrou-2-912-atendimentos-no-pronto-socorro-em-setembro\/\" rel=\"bookmark\" title=\"Santa Casa de Muzambinho registrou 2.912 atendimentos no Pronto-Socorro em setembro\">Santa Casa de Muzambinho registrou 2.912 atendimentos no Pronto-Socorro em setembro<\/a><\/h3><div class=\"entry-meta\"><span class=\"meta-item category-link\"><span>Presta\u00e7\u00e3o de Contas<\/span><\/span><a href=\"https:\/\/santacasamuzambinho.org.br\/index.php\/2025\/10\/07\/\" title=\"09:22\" class=\"meta-item data-link\" rel=\"bookmark\"><time class=\"entry-date updated\" datetime=\"2025-10-07T09:22:06-03:00\">7 de outubro de 2025<\/time><\/a><\/div><div class=\"entry-excerpt\"><p>SUS respondeu por 86% da demanda; mulheres foram maioria entre os pacientes<\/p>\n<\/div><a href=\"https:\/\/santacasamuzambinho.org.br\/index.php\/2025\/10\/07\/santa-casa-de-muzambinho-registrou-2-912-atendimentos-no-pronto-socorro-em-setembro\/\" target=\"\" aria-label=\"Bot\u00e3o &quot;Leia mais&quot; Santa Casa de Muzambinho registrou 2.912 atendimentos no Pronto-Socorro em setembro\" class=\"box-button elementor-button elementor-size-sm\">Ler Mais<\/a>\n<\/div><\/article><\/div><div class=\"visible wf-cell category-37\" data-post-id=\"6886\" data-date=\"2025-09-12T09:54:55-03:00\" data-name=\"Atendimentos Agosto\/2025 no Pronto Socorro da Santa Casa de Muzambinho\"><article class=\"post visible post-6886 type-post status-publish format-standard has-post-thumbnail hentry category-prestacao-de-contas tag-atendimento tag-hospital tag-pronto-socorro category-37 description-off\" data-name=\"Atendimentos Agosto\/2025 no Pronto Socorro da Santa Casa de Muzambinho\" data-date=\"2025-09-12T09:54:55-03:00\">\n\n\t<div class=\"post-thumbnail-wrap\">\n\t\t<div class=\"post-thumbnail\">\n\n\t\t\t<a class=\"post-thumbnail-rollover layzr-bg img-css-resize-wrapper\" aria-label=\"redimensionar imagens\" href=\"https:\/\/santacasamuzambinho.org.br\/index.php\/2025\/09\/12\/atendimentos-agosto-2025-no-pronto-socorro-da-santa-casa-de-muzambinho\/\"><img decoding=\"async\" width=\"1600\" height=\"1200\" src=\"data:image\/svg+xml,%3Csvg%20xmlns%3D&#039;http%3A%2F%2Fwww.w3.org%2F2000%2Fsvg&#039;%20viewBox%3D&#039;0%200%201600%201200&#039;%2F%3E\" class=\"attachment-full size-full preload-me aspect lazy lazy-load\" alt=\"\" sizes=\"(max-width: 1600px) 100vw, 1600px\" style=\"--ratio: 1600 \/ 1200;\" data-src=\"https:\/\/santacasamuzambinho.org.br\/wp-content\/uploads\/2024\/06\/IMG_20240606_161335.jpg\" loading=\"eager\" data-srcset=\"https:\/\/santacasamuzambinho.org.br\/wp-content\/uploads\/2024\/06\/IMG_20240606_161335.jpg 1600w, https:\/\/santacasamuzambinho.org.br\/wp-content\/uploads\/2024\/06\/IMG_20240606_161335-300x225.jpg 300w, https:\/\/santacasamuzambinho.org.br\/wp-content\/uploads\/2024\/06\/IMG_20240606_161335-1024x768.jpg 1024w, https:\/\/santacasamuzambinho.org.br\/wp-content\/uploads\/2024\/06\/IMG_20240606_161335-768x576.jpg 768w, https:\/\/santacasamuzambinho.org.br\/wp-content\/uploads\/2024\/06\/IMG_20240606_161335-1536x1152.jpg 1536w\" \/><span class=\"the7-hover-icon\"><i aria-hidden=\"true\" class=\"feather feather-more-horizontal\"><\/i><\/span><\/a>\n\t\t<\/div>\n\t<\/div>\n\n\n<div class=\"post-entry-content\">\n\n\t<h3 class=\"ele-entry-title\"><a href=\"https:\/\/santacasamuzambinho.org.br\/index.php\/2025\/09\/12\/atendimentos-agosto-2025-no-pronto-socorro-da-santa-casa-de-muzambinho\/\" rel=\"bookmark\" title=\"Atendimentos Agosto\/2025 no Pronto Socorro da Santa Casa de Muzambinho\">Atendimentos Agosto\/2025 no Pronto Socorro da Santa Casa de Muzambinho<\/a><\/h3><div class=\"entry-meta\"><span class=\"meta-item category-link\"><span>Presta\u00e7\u00e3o de Contas<\/span><\/span><a href=\"https:\/\/santacasamuzambinho.org.br\/index.php\/2025\/09\/12\/\" title=\"09:54\" class=\"meta-item data-link\" rel=\"bookmark\"><time class=\"entry-date updated\" datetime=\"2025-09-12T09:54:55-03:00\">12 de setembro de 2025<\/time><\/a><\/div><div class=\"entry-excerpt\"><p>Total de Atendimentos em Agosto\/25: 2.751 pacientes atendidos.<\/p>\n<\/div><a href=\"https:\/\/santacasamuzambinho.org.br\/index.php\/2025\/09\/12\/atendimentos-agosto-2025-no-pronto-socorro-da-santa-casa-de-muzambinho\/\" target=\"\" aria-label=\"Bot\u00e3o &quot;Leia mais&quot; Atendimentos Agosto\/2025 no Pronto Socorro da Santa Casa de Muzambinho\" class=\"box-button elementor-button elementor-size-sm\">Ler Mais<\/a>\n<\/div><\/article><\/div><div class=\"visible wf-cell category-3 category-37\" data-post-id=\"6882\" data-date=\"2025-05-12T14:48:24-03:00\" data-name=\"Atendimentos no Pronto Socorro da Santa Casa de Muzambinho, Abril\/2025\"><article class=\"post visible post-6882 type-post status-publish format-standard has-post-thumbnail hentry category-administracao category-prestacao-de-contas tag-atendimentos tag-pronto-socorro tag-santa-casa category-3 category-37 description-off\" data-name=\"Atendimentos no Pronto Socorro da Santa Casa de Muzambinho, Abril\/2025\" data-date=\"2025-05-12T14:48:24-03:00\">\n\n\t<div class=\"post-thumbnail-wrap\">\n\t\t<div class=\"post-thumbnail\">\n\n\t\t\t<a class=\"post-thumbnail-rollover layzr-bg img-css-resize-wrapper\" aria-label=\"redimensionar imagens\" href=\"https:\/\/santacasamuzambinho.org.br\/index.php\/2025\/05\/12\/atendimentos-no-pronto-socorro-da-santa-casa-de-muzambinho-abril-2025\/\"><img decoding=\"async\" width=\"1600\" height=\"1200\" src=\"data:image\/svg+xml,%3Csvg%20xmlns%3D&#039;http%3A%2F%2Fwww.w3.org%2F2000%2Fsvg&#039;%20viewBox%3D&#039;0%200%201600%201200&#039;%2F%3E\" class=\"attachment-full size-full preload-me aspect lazy lazy-load\" alt=\"\" sizes=\"(max-width: 1600px) 100vw, 1600px\" style=\"--ratio: 1600 \/ 1200;\" data-src=\"https:\/\/santacasamuzambinho.org.br\/wp-content\/uploads\/2024\/06\/IMG_20240606_161254.jpg\" loading=\"eager\" data-srcset=\"https:\/\/santacasamuzambinho.org.br\/wp-content\/uploads\/2024\/06\/IMG_20240606_161254.jpg 1600w, https:\/\/santacasamuzambinho.org.br\/wp-content\/uploads\/2024\/06\/IMG_20240606_161254-300x225.jpg 300w, https:\/\/santacasamuzambinho.org.br\/wp-content\/uploads\/2024\/06\/IMG_20240606_161254-1024x768.jpg 1024w, https:\/\/santacasamuzambinho.org.br\/wp-content\/uploads\/2024\/06\/IMG_20240606_161254-768x576.jpg 768w, https:\/\/santacasamuzambinho.org.br\/wp-content\/uploads\/2024\/06\/IMG_20240606_161254-1536x1152.jpg 1536w\" \/><span class=\"the7-hover-icon\"><i aria-hidden=\"true\" class=\"feather feather-more-horizontal\"><\/i><\/span><\/a>\n\t\t<\/div>\n\t<\/div>\n\n\n<div class=\"post-entry-content\">\n\n\t<h3 class=\"ele-entry-title\"><a href=\"https:\/\/santacasamuzambinho.org.br\/index.php\/2025\/05\/12\/atendimentos-no-pronto-socorro-da-santa-casa-de-muzambinho-abril-2025\/\" rel=\"bookmark\" title=\"Atendimentos no Pronto Socorro da Santa Casa de Muzambinho, Abril\/2025\">Atendimentos no Pronto Socorro da Santa Casa de Muzambinho, Abril\/2025<\/a><\/h3><div class=\"entry-meta\"><span class=\"meta-item category-link\"><span>Administra\u00e7\u00e3o<\/span>, <span>Presta\u00e7\u00e3o de Contas<\/span><\/span><a href=\"https:\/\/santacasamuzambinho.org.br\/index.php\/2025\/05\/12\/\" title=\"14:48\" class=\"meta-item data-link\" rel=\"bookmark\"><time class=\"entry-date updated\" datetime=\"2025-05-12T14:48:24-03:00\">12 de maio de 2025<\/time><\/a><\/div><div class=\"entry-excerpt\"><p>Relat\u00f3rios destacam os servi\u00e7os prestados e os n\u00fameros de atendimento \u00e0 popula\u00e7\u00e3o muzambinhense em Abril de 2025.<\/p>\n<\/div><a href=\"https:\/\/santacasamuzambinho.org.br\/index.php\/2025\/05\/12\/atendimentos-no-pronto-socorro-da-santa-casa-de-muzambinho-abril-2025\/\" target=\"\" aria-label=\"Bot\u00e3o &quot;Leia mais&quot; Atendimentos no Pronto Socorro da Santa Casa de Muzambinho, Abril\/2025\" class=\"box-button elementor-button elementor-size-sm\">Ler Mais<\/a>\n<\/div><\/article><\/div><div class=\"hidden wf-cell category-3\" data-post-id=\"6878\" data-date=\"2025-04-22T17:03:43-03:00\" data-name=\"Nova diretoria da Santa Casa de Miseric\u00f3rdia de Muzambinho \u00e9 eleita para o bi\u00eanio 2025\/2027\"><article class=\"post visible post-6878 type-post status-publish format-standard has-post-thumbnail hentry category-administracao tag-diretoria tag-eleicao tag-hospital category-3 description-off\" data-name=\"Nova diretoria da Santa Casa de Miseric\u00f3rdia de Muzambinho \u00e9 eleita para o bi\u00eanio 2025\/2027\" data-date=\"2025-04-22T17:03:43-03:00\">\n\n\t<div class=\"post-thumbnail-wrap\">\n\t\t<div class=\"post-thumbnail\">\n\n\t\t\t<a class=\"post-thumbnail-rollover layzr-bg img-css-resize-wrapper\" aria-label=\"redimensionar imagens\" href=\"https:\/\/santacasamuzambinho.org.br\/index.php\/2025\/04\/22\/nova-diretoria-da-santa-casa-de-misericordia-de-muzambinho-e-eleita-para-o-bienio-2025-2027\/\"><img decoding=\"async\" width=\"1600\" height=\"1200\" src=\"data:image\/svg+xml,%3Csvg%20xmlns%3D&#039;http%3A%2F%2Fwww.w3.org%2F2000%2Fsvg&#039;%20viewBox%3D&#039;0%200%201600%201200&#039;%2F%3E\" class=\"attachment-full size-full preload-me aspect lazy lazy-load\" alt=\"\" sizes=\"(max-width: 1600px) 100vw, 1600px\" style=\"--ratio: 1600 \/ 1200;\" data-src=\"https:\/\/santacasamuzambinho.org.br\/wp-content\/uploads\/2024\/06\/IMG_20240606_161254.jpg\" loading=\"eager\" data-srcset=\"https:\/\/santacasamuzambinho.org.br\/wp-content\/uploads\/2024\/06\/IMG_20240606_161254.jpg 1600w, https:\/\/santacasamuzambinho.org.br\/wp-content\/uploads\/2024\/06\/IMG_20240606_161254-300x225.jpg 300w, https:\/\/santacasamuzambinho.org.br\/wp-content\/uploads\/2024\/06\/IMG_20240606_161254-1024x768.jpg 1024w, https:\/\/santacasamuzambinho.org.br\/wp-content\/uploads\/2024\/06\/IMG_20240606_161254-768x576.jpg 768w, https:\/\/santacasamuzambinho.org.br\/wp-content\/uploads\/2024\/06\/IMG_20240606_161254-1536x1152.jpg 1536w\" \/><span class=\"the7-hover-icon\"><i aria-hidden=\"true\" class=\"feather feather-more-horizontal\"><\/i><\/span><\/a>\n\t\t<\/div>\n\t<\/div>\n\n\n<div class=\"post-entry-content\">\n\n\t<h3 class=\"ele-entry-title\"><a href=\"https:\/\/santacasamuzambinho.org.br\/index.php\/2025\/04\/22\/nova-diretoria-da-santa-casa-de-misericordia-de-muzambinho-e-eleita-para-o-bienio-2025-2027\/\" rel=\"bookmark\" title=\"Nova diretoria da Santa Casa de Miseric\u00f3rdia de Muzambinho \u00e9 eleita para o bi\u00eanio 2025\/2027\">Nova diretoria da Santa Casa de Miseric\u00f3rdia de Muzambinho \u00e9 eleita para o bi\u00eanio 2025\/2027<\/a><\/h3><div class=\"entry-meta\"><span class=\"meta-item category-link\"><span>Administra\u00e7\u00e3o<\/span><\/span><a href=\"https:\/\/santacasamuzambinho.org.br\/index.php\/2025\/04\/22\/\" title=\"17:03\" class=\"meta-item data-link\" rel=\"bookmark\"><time class=\"entry-date updated\" datetime=\"2025-04-22T17:03:43-03:00\">22 de abril de 2025<\/time><\/a><\/div><div class=\"entry-excerpt\"><p>Chapa \u00fanica foi aprovada por unanimidade em Assembleia Geral Ordin\u00e1ria.<\/p>\n<\/div><a href=\"https:\/\/santacasamuzambinho.org.br\/index.php\/2025\/04\/22\/nova-diretoria-da-santa-casa-de-misericordia-de-muzambinho-e-eleita-para-o-bienio-2025-2027\/\" target=\"\" aria-label=\"Bot\u00e3o &quot;Leia mais&quot; Nova diretoria da Santa Casa de Miseric\u00f3rdia de Muzambinho \u00e9 eleita para o bi\u00eanio 2025\/2027\" class=\"box-button elementor-button elementor-size-sm\">Ler Mais<\/a>\n<\/div><\/article><\/div><div class=\"hidden wf-cell category-3 category-37\" data-post-id=\"6875\" data-date=\"2025-04-02T14:35:18-03:00\" data-name=\"Mar\u00e7o de 2025 - Atendimentos no Pronto Socorro de Muzambinho\"><article class=\"post visible post-6875 type-post status-publish format-standard has-post-thumbnail hentry category-administracao category-prestacao-de-contas tag-hospital tag-relatorio tag-santa-casa category-3 category-37 description-off\" data-name=\"Mar\u00e7o de 2025 &#8211; Atendimentos no Pronto Socorro de Muzambinho\" data-date=\"2025-04-02T14:35:18-03:00\">\n\n\t<div class=\"post-thumbnail-wrap\">\n\t\t<div class=\"post-thumbnail\">\n\n\t\t\t<a class=\"post-thumbnail-rollover layzr-bg img-css-resize-wrapper\" aria-label=\"redimensionar imagens\" href=\"https:\/\/santacasamuzambinho.org.br\/index.php\/2025\/04\/02\/marco-de-2025-atendimentos-no-pronto-socorro-de-muzambinho\/\"><img decoding=\"async\" width=\"1035\" height=\"694\" src=\"data:image\/svg+xml,%3Csvg%20xmlns%3D&#039;http%3A%2F%2Fwww.w3.org%2F2000%2Fsvg&#039;%20viewBox%3D&#039;0%200%201035%20694&#039;%2F%3E\" class=\"attachment-full size-full preload-me aspect lazy lazy-load\" alt=\"\" style=\"--ratio: 1035 \/ 694;\" data-src=\"https:\/\/santacasamuzambinho.org.br\/wp-content\/uploads\/2024\/06\/w1035h694.avif\" loading=\"eager\" \/><span class=\"the7-hover-icon\"><i aria-hidden=\"true\" class=\"feather feather-more-horizontal\"><\/i><\/span><\/a>\n\t\t<\/div>\n\t<\/div>\n\n\n<div class=\"post-entry-content\">\n\n\t<h3 class=\"ele-entry-title\"><a href=\"https:\/\/santacasamuzambinho.org.br\/index.php\/2025\/04\/02\/marco-de-2025-atendimentos-no-pronto-socorro-de-muzambinho\/\" rel=\"bookmark\" title=\"Mar\u00e7o de 2025 &#8211; Atendimentos no Pronto Socorro de Muzambinho\">Mar\u00e7o de 2025 &#8211; Atendimentos no Pronto Socorro de Muzambinho<\/a><\/h3><div class=\"entry-meta\"><span class=\"meta-item category-link\"><span>Administra\u00e7\u00e3o<\/span>, <span>Presta\u00e7\u00e3o de Contas<\/span><\/span><a href=\"https:\/\/santacasamuzambinho.org.br\/index.php\/2025\/04\/02\/\" title=\"14:35\" class=\"meta-item data-link\" rel=\"bookmark\"><time class=\"entry-date updated\" datetime=\"2025-04-02T14:35:18-03:00\">2 de abril de 2025<\/time><\/a><\/div><div class=\"entry-excerpt\"><p>A Dire\u00e7\u00e3o da Santa Casa de Muzambinho demostra atrav\u00e9s dos gr\u00e1ficos os atendimentos a popula\u00e7\u00e3o muzambinhense no m\u00eas de Agosto\/24.<\/p>\n<\/div><a href=\"https:\/\/santacasamuzambinho.org.br\/index.php\/2025\/04\/02\/marco-de-2025-atendimentos-no-pronto-socorro-de-muzambinho\/\" target=\"\" aria-label=\"Bot\u00e3o &quot;Leia mais&quot; Mar\u00e7o de 2025 &#8211; Atendimentos no Pronto Socorro de Muzambinho\" class=\"box-button elementor-button elementor-size-sm\">Ler Mais<\/a>\n<\/div><\/article><\/div><div class=\"hidden wf-cell category-3 category-37\" data-post-id=\"6865\" data-date=\"2025-03-18T15:29:05-03:00\" data-name=\"Santa Casa de Muzambinho recebe recursos federais para aquisi\u00e7\u00e3o de equipamentos e produtos m\u00e9dicos\"><article class=\"post visible post-6865 type-post status-publish format-standard has-post-thumbnail hentry category-administracao category-prestacao-de-contas category-3 category-37 description-off\" data-name=\"Santa Casa de Muzambinho recebe recursos federais para aquisi\u00e7\u00e3o de equipamentos e produtos m\u00e9dicos\" data-date=\"2025-03-18T15:29:05-03:00\">\n\n\t<div class=\"post-thumbnail-wrap\">\n\t\t<div class=\"post-thumbnail\">\n\n\t\t\t<a class=\"post-thumbnail-rollover layzr-bg img-css-resize-wrapper\" aria-label=\"redimensionar imagens\" href=\"https:\/\/santacasamuzambinho.org.br\/index.php\/2025\/03\/18\/santa-casa-de-muzambinho-recebe-recursos-federais-para-aquisicao-de-equipamentos-e-produtos-medicos\/\"><img decoding=\"async\" width=\"1600\" height=\"1200\" src=\"data:image\/svg+xml,%3Csvg%20xmlns%3D&#039;http%3A%2F%2Fwww.w3.org%2F2000%2Fsvg&#039;%20viewBox%3D&#039;0%200%201600%201200&#039;%2F%3E\" class=\"attachment-full size-full preload-me aspect lazy lazy-load\" alt=\"\" sizes=\"(max-width: 1600px) 100vw, 1600px\" style=\"--ratio: 1600 \/ 1200;\" data-src=\"https:\/\/santacasamuzambinho.org.br\/wp-content\/uploads\/2024\/06\/IMG_20240606_161254.jpg\" loading=\"eager\" data-srcset=\"https:\/\/santacasamuzambinho.org.br\/wp-content\/uploads\/2024\/06\/IMG_20240606_161254.jpg 1600w, https:\/\/santacasamuzambinho.org.br\/wp-content\/uploads\/2024\/06\/IMG_20240606_161254-300x225.jpg 300w, https:\/\/santacasamuzambinho.org.br\/wp-content\/uploads\/2024\/06\/IMG_20240606_161254-1024x768.jpg 1024w, https:\/\/santacasamuzambinho.org.br\/wp-content\/uploads\/2024\/06\/IMG_20240606_161254-768x576.jpg 768w, https:\/\/santacasamuzambinho.org.br\/wp-content\/uploads\/2024\/06\/IMG_20240606_161254-1536x1152.jpg 1536w\" \/><span class=\"the7-hover-icon\"><i aria-hidden=\"true\" class=\"feather feather-more-horizontal\"><\/i><\/span><\/a>\n\t\t<\/div>\n\t<\/div>\n\n\n<div class=\"post-entry-content\">\n\n\t<h3 class=\"ele-entry-title\"><a href=\"https:\/\/santacasamuzambinho.org.br\/index.php\/2025\/03\/18\/santa-casa-de-muzambinho-recebe-recursos-federais-para-aquisicao-de-equipamentos-e-produtos-medicos\/\" rel=\"bookmark\" title=\"Santa Casa de Muzambinho recebe recursos federais para aquisi\u00e7\u00e3o de equipamentos e produtos m\u00e9dicos\">Santa Casa de Muzambinho recebe recursos federais para aquisi\u00e7\u00e3o de equipamentos e produtos m\u00e9dicos<\/a><\/h3><div class=\"entry-meta\"><span class=\"meta-item category-link\"><span>Administra\u00e7\u00e3o<\/span>, <span>Presta\u00e7\u00e3o de Contas<\/span><\/span><a href=\"https:\/\/santacasamuzambinho.org.br\/index.php\/2025\/03\/18\/\" title=\"15:29\" class=\"meta-item data-link\" rel=\"bookmark\"><time class=\"entry-date updated\" datetime=\"2025-03-18T15:29:05-03:00\">18 de mar\u00e7o de 2025<\/time><\/a><\/div><div class=\"entry-excerpt\"><p>Entidade mineira \u00e9 beneficiada por emendas parlamentares que totalizam milh\u00f5es de reais, com foco na melhoria da infraestrutura de sa\u00fade&hellip;<\/p>\n<\/div><a href=\"https:\/\/santacasamuzambinho.org.br\/index.php\/2025\/03\/18\/santa-casa-de-muzambinho-recebe-recursos-federais-para-aquisicao-de-equipamentos-e-produtos-medicos\/\" target=\"\" aria-label=\"Bot\u00e3o &quot;Leia mais&quot; Santa Casa de Muzambinho recebe recursos federais para aquisi\u00e7\u00e3o de equipamentos e produtos m\u00e9dicos\" class=\"box-button elementor-button elementor-size-sm\">Ler Mais<\/a>\n<\/div><\/article><\/div><div class=\"hidden wf-cell category-3 category-37\" data-post-id=\"6858\" data-date=\"2025-01-08T14:53:04-03:00\" data-name=\"Santa Casa de Muzambinho realizou mais de 36 mil atendimentos no Pronto Socorro em 2024\"><article class=\"post visible post-6858 type-post status-publish format-standard has-post-thumbnail hentry category-administracao category-prestacao-de-contas tag-hospital tag-pronto-socorro category-3 category-37 description-off\" data-name=\"Santa Casa de Muzambinho realizou mais de 36 mil atendimentos no Pronto Socorro em 2024\" data-date=\"2025-01-08T14:53:04-03:00\">\n\n\t<div class=\"post-thumbnail-wrap\">\n\t\t<div class=\"post-thumbnail\">\n\n\t\t\t<a class=\"post-thumbnail-rollover layzr-bg img-css-resize-wrapper\" aria-label=\"redimensionar imagens\" href=\"https:\/\/santacasamuzambinho.org.br\/index.php\/2025\/01\/08\/santa-casa-de-muzambinho-realizou-mais-de-36-mil-atendimentos-no-pronto-socorro-em-2024\/\"><img decoding=\"async\" width=\"1035\" height=\"779\" src=\"data:image\/svg+xml,%3Csvg%20xmlns%3D&#039;http%3A%2F%2Fwww.w3.org%2F2000%2Fsvg&#039;%20viewBox%3D&#039;0%200%201035%20779&#039;%2F%3E\" class=\"attachment-full size-full preload-me aspect lazy lazy-load\" alt=\"\" style=\"--ratio: 1035 \/ 779;\" data-src=\"https:\/\/santacasamuzambinho.org.br\/wp-content\/uploads\/2024\/06\/w1035h779-1.avif\" loading=\"eager\" \/><span class=\"the7-hover-icon\"><i aria-hidden=\"true\" class=\"feather feather-more-horizontal\"><\/i><\/span><\/a>\n\t\t<\/div>\n\t<\/div>\n\n\n<div class=\"post-entry-content\">\n\n\t<h3 class=\"ele-entry-title\"><a href=\"https:\/\/santacasamuzambinho.org.br\/index.php\/2025\/01\/08\/santa-casa-de-muzambinho-realizou-mais-de-36-mil-atendimentos-no-pronto-socorro-em-2024\/\" rel=\"bookmark\" title=\"Santa Casa de Muzambinho realizou mais de 36 mil atendimentos no Pronto Socorro em 2024\">Santa Casa de Muzambinho realizou mais de 36 mil atendimentos no Pronto Socorro em 2024<\/a><\/h3><div class=\"entry-meta\"><span class=\"meta-item category-link\"><span>Administra\u00e7\u00e3o<\/span>, <span>Presta\u00e7\u00e3o de Contas<\/span><\/span><a href=\"https:\/\/santacasamuzambinho.org.br\/index.php\/2025\/01\/08\/\" title=\"14:53\" class=\"meta-item data-link\" rel=\"bookmark\"><time class=\"entry-date updated\" datetime=\"2025-01-08T14:53:04-03:00\">8 de janeiro de 2025<\/time><\/a><\/div><div class=\"entry-excerpt\"><p>Relat\u00f3rio anual destaca os servi\u00e7os prestados e os n\u00fameros expressivos no atendimento \u00e0 popula\u00e7\u00e3o<\/p>\n<\/div><a href=\"https:\/\/santacasamuzambinho.org.br\/index.php\/2025\/01\/08\/santa-casa-de-muzambinho-realizou-mais-de-36-mil-atendimentos-no-pronto-socorro-em-2024\/\" target=\"\" aria-label=\"Bot\u00e3o &quot;Leia mais&quot; Santa Casa de Muzambinho realizou mais de 36 mil atendimentos no Pronto Socorro em 2024\" class=\"box-button elementor-button elementor-size-sm\">Ler Mais<\/a>\n<\/div><\/article><\/div><div class=\"hidden wf-cell category-38\" data-post-id=\"6854\" data-date=\"2024-10-16T17:07:56-03:00\" data-name=\"Telefones da Santa Casa de Muzambinho voltaram a funcionar\"><article class=\"post visible post-6854 type-post status-publish format-standard has-post-thumbnail hentry category-geral tag-telefone category-38 description-off\" data-name=\"Telefones da Santa Casa de Muzambinho voltaram a funcionar\" data-date=\"2024-10-16T17:07:56-03:00\">\n\n\t<div class=\"post-thumbnail-wrap\">\n\t\t<div class=\"post-thumbnail\">\n\n\t\t\t<a class=\"post-thumbnail-rollover layzr-bg img-css-resize-wrapper\" aria-label=\"redimensionar imagens\" href=\"https:\/\/santacasamuzambinho.org.br\/index.php\/2024\/10\/16\/telefones-da-santa-casa-de-muzambinho-voltaram-a-funcionar\/\"><img decoding=\"async\" width=\"800\" height=\"600\" src=\"data:image\/svg+xml,%3Csvg%20xmlns%3D&#039;http%3A%2F%2Fwww.w3.org%2F2000%2Fsvg&#039;%20viewBox%3D&#039;0%200%20800%20600&#039;%2F%3E\" class=\"attachment-full size-full preload-me aspect lazy lazy-load\" alt=\"\" sizes=\"(max-width: 800px) 100vw, 800px\" style=\"--ratio: 800 \/ 600;\" data-src=\"https:\/\/santacasamuzambinho.org.br\/wp-content\/uploads\/2024\/10\/como-colocar-telefone-fixo-no-whatsapp-numero.webp\" loading=\"eager\" data-srcset=\"https:\/\/santacasamuzambinho.org.br\/wp-content\/uploads\/2024\/10\/como-colocar-telefone-fixo-no-whatsapp-numero.webp 800w, https:\/\/santacasamuzambinho.org.br\/wp-content\/uploads\/2024\/10\/como-colocar-telefone-fixo-no-whatsapp-numero-300x225.webp 300w, https:\/\/santacasamuzambinho.org.br\/wp-content\/uploads\/2024\/10\/como-colocar-telefone-fixo-no-whatsapp-numero-768x576.webp 768w\" \/><span class=\"the7-hover-icon\"><i aria-hidden=\"true\" class=\"feather feather-more-horizontal\"><\/i><\/span><\/a>\n\t\t<\/div>\n\t<\/div>\n\n\n<div class=\"post-entry-content\">\n\n\t<h3 class=\"ele-entry-title\"><a href=\"https:\/\/santacasamuzambinho.org.br\/index.php\/2024\/10\/16\/telefones-da-santa-casa-de-muzambinho-voltaram-a-funcionar\/\" rel=\"bookmark\" title=\"Telefones da Santa Casa de Muzambinho voltaram a funcionar\">Telefones da Santa Casa de Muzambinho voltaram a funcionar<\/a><\/h3><div class=\"entry-meta\"><span class=\"meta-item category-link\"><span>Geral<\/span><\/span><a href=\"https:\/\/santacasamuzambinho.org.br\/index.php\/2024\/10\/16\/\" title=\"17:07\" class=\"meta-item data-link\" rel=\"bookmark\"><time class=\"entry-date updated\" datetime=\"2024-10-16T17:07:56-03:00\">16 de outubro de 2024<\/time><\/a><\/div><div class=\"entry-excerpt\"><p>A empresa MilBr normalizou o problema ocorrido com os telefones da Santa Casa<\/p>\n<\/div><a href=\"https:\/\/santacasamuzambinho.org.br\/index.php\/2024\/10\/16\/telefones-da-santa-casa-de-muzambinho-voltaram-a-funcionar\/\" target=\"\" aria-label=\"Bot\u00e3o &quot;Leia mais&quot; Telefones da Santa Casa de Muzambinho voltaram a funcionar\" class=\"box-button elementor-button elementor-size-sm\">Ler Mais<\/a>\n<\/div><\/article><\/div><div class=\"hidden wf-cell category-37\" data-post-id=\"6852\" data-date=\"2024-10-11T16:59:00-03:00\" data-name=\"Mais de 3 mil atendimentos em Setembro de 2024 no Pronto Socorro de Muzambinho\"><article class=\"post visible post-6852 type-post status-publish format-standard has-post-thumbnail hentry category-prestacao-de-contas tag-hospital tag-pronto-socoroo tag-pronto-socorro category-37 description-off\" data-name=\"Mais de 3 mil atendimentos em Setembro de 2024 no Pronto Socorro de Muzambinho\" data-date=\"2024-10-11T16:59:00-03:00\">\n\n\t<div class=\"post-thumbnail-wrap\">\n\t\t<div class=\"post-thumbnail\">\n\n\t\t\t<a class=\"post-thumbnail-rollover layzr-bg img-css-resize-wrapper\" aria-label=\"redimensionar imagens\" href=\"https:\/\/santacasamuzambinho.org.br\/index.php\/2024\/10\/11\/mais-de-3-mil-atendimentos-em-setembro-de-2024-no-pronto-socorro-de-muzambinho\/\"><img decoding=\"async\" width=\"1600\" height=\"1200\" src=\"data:image\/svg+xml,%3Csvg%20xmlns%3D&#039;http%3A%2F%2Fwww.w3.org%2F2000%2Fsvg&#039;%20viewBox%3D&#039;0%200%201600%201200&#039;%2F%3E\" class=\"attachment-full size-full preload-me aspect lazy lazy-load\" alt=\"\" sizes=\"(max-width: 1600px) 100vw, 1600px\" style=\"--ratio: 1600 \/ 1200;\" data-src=\"https:\/\/santacasamuzambinho.org.br\/wp-content\/uploads\/2024\/06\/IMG_20240606_161241.jpg\" loading=\"eager\" data-srcset=\"https:\/\/santacasamuzambinho.org.br\/wp-content\/uploads\/2024\/06\/IMG_20240606_161241.jpg 1600w, https:\/\/santacasamuzambinho.org.br\/wp-content\/uploads\/2024\/06\/IMG_20240606_161241-300x225.jpg 300w, https:\/\/santacasamuzambinho.org.br\/wp-content\/uploads\/2024\/06\/IMG_20240606_161241-1024x768.jpg 1024w, https:\/\/santacasamuzambinho.org.br\/wp-content\/uploads\/2024\/06\/IMG_20240606_161241-768x576.jpg 768w, https:\/\/santacasamuzambinho.org.br\/wp-content\/uploads\/2024\/06\/IMG_20240606_161241-1536x1152.jpg 1536w\" \/><span class=\"the7-hover-icon\"><i aria-hidden=\"true\" class=\"feather feather-more-horizontal\"><\/i><\/span><\/a>\n\t\t<\/div>\n\t<\/div>\n\n\n<div class=\"post-entry-content\">\n\n\t<h3 class=\"ele-entry-title\"><a href=\"https:\/\/santacasamuzambinho.org.br\/index.php\/2024\/10\/11\/mais-de-3-mil-atendimentos-em-setembro-de-2024-no-pronto-socorro-de-muzambinho\/\" rel=\"bookmark\" title=\"Mais de 3 mil atendimentos em Setembro de 2024 no Pronto Socorro de Muzambinho\">Mais de 3 mil atendimentos em Setembro de 2024 no Pronto Socorro de Muzambinho<\/a><\/h3><div class=\"entry-meta\"><span class=\"meta-item category-link\"><span>Presta\u00e7\u00e3o de Contas<\/span><\/span><a href=\"https:\/\/santacasamuzambinho.org.br\/index.php\/2024\/10\/11\/\" title=\"16:59\" class=\"meta-item data-link\" rel=\"bookmark\"><time class=\"entry-date updated\" datetime=\"2024-10-11T16:59:00-03:00\">11 de outubro de 2024<\/time><\/a><\/div><div class=\"entry-excerpt\"><p>A Dire\u00e7\u00e3o da Santa Casa de Muzambinho demostra atrav\u00e9s dos gr\u00e1ficos os atendimentos a popula\u00e7\u00e3o muzambinhense no m\u00eas de Setembro\/24.<\/p>\n<\/div><a href=\"https:\/\/santacasamuzambinho.org.br\/index.php\/2024\/10\/11\/mais-de-3-mil-atendimentos-em-setembro-de-2024-no-pronto-socorro-de-muzambinho\/\" target=\"\" aria-label=\"Bot\u00e3o &quot;Leia mais&quot; Mais de 3 mil atendimentos em Setembro de 2024 no Pronto Socorro de Muzambinho\" class=\"box-button elementor-button elementor-size-sm\">Ler Mais<\/a>\n<\/div><\/article><\/div><div class=\"hidden wf-cell category-38\" data-post-id=\"6829\" data-date=\"2024-06-24T09:30:19-03:00\" data-name=\"Projeto Kavanah do Albert Einstein faz cirurgias eletivas em Muzambinho\"><article class=\"post visible post-6829 type-post status-publish format-standard has-post-thumbnail hentry category-geral tag-cirurgias tag-projeto category-38 description-off\" data-name=\"Projeto Kavanah do Albert Einstein faz cirurgias eletivas em Muzambinho\" data-date=\"2024-06-24T09:30:19-03:00\">\n\n\t<div class=\"post-thumbnail-wrap\">\n\t\t<div class=\"post-thumbnail\">\n\n\t\t\t<a class=\"post-thumbnail-rollover layzr-bg img-css-resize-wrapper\" aria-label=\"redimensionar imagens\" href=\"https:\/\/santacasamuzambinho.org.br\/index.php\/2024\/06\/24\/projeto-kavanah-do-albert-einstein-faz-cirurgias-eletivas-em-muzambinho\/\"><img decoding=\"async\" width=\"1061\" height=\"711\" src=\"data:image\/svg+xml,%3Csvg%20xmlns%3D&#039;http%3A%2F%2Fwww.w3.org%2F2000%2Fsvg&#039;%20viewBox%3D&#039;0%200%201061%20711&#039;%2F%3E\" class=\"attachment-full size-full preload-me aspect lazy lazy-load\" alt=\"\" style=\"--ratio: 1061 \/ 711;\" data-src=\"https:\/\/santacasamuzambinho.org.br\/wp-content\/uploads\/2024\/06\/w1061h711.avif\" loading=\"eager\" \/><span class=\"the7-hover-icon\"><i aria-hidden=\"true\" class=\"feather feather-more-horizontal\"><\/i><\/span><\/a>\n\t\t<\/div>\n\t<\/div>\n\n\n<div class=\"post-entry-content\">\n\n\t<h3 class=\"ele-entry-title\"><a href=\"https:\/\/santacasamuzambinho.org.br\/index.php\/2024\/06\/24\/projeto-kavanah-do-albert-einstein-faz-cirurgias-eletivas-em-muzambinho\/\" rel=\"bookmark\" title=\"Projeto Kavanah do Albert Einstein faz cirurgias eletivas em Muzambinho\">Projeto Kavanah do Albert Einstein faz cirurgias eletivas em Muzambinho<\/a><\/h3><div class=\"entry-meta\"><span class=\"meta-item category-link\"><span>Geral<\/span><\/span><a href=\"https:\/\/santacasamuzambinho.org.br\/index.php\/2024\/06\/24\/\" title=\"09:30\" class=\"meta-item data-link\" rel=\"bookmark\"><time class=\"entry-date updated\" datetime=\"2024-06-24T09:30:19-03:00\">24 de junho de 2024<\/time><\/a><\/div><div class=\"entry-excerpt\"><p>Mutir\u00e3o de Cirurgias Eletivas em Muzambinho: Projeto Kavanah do Albert Einstein faz hist\u00f3ria.<\/p>\n<\/div><a href=\"https:\/\/santacasamuzambinho.org.br\/index.php\/2024\/06\/24\/projeto-kavanah-do-albert-einstein-faz-cirurgias-eletivas-em-muzambinho\/\" target=\"\" aria-label=\"Bot\u00e3o &quot;Leia mais&quot; Projeto Kavanah do Albert Einstein faz cirurgias eletivas em Muzambinho\" class=\"box-button elementor-button elementor-size-sm\">Ler Mais<\/a>\n<\/div><\/article><\/div><div class=\"hidden wf-cell category-3\" data-post-id=\"6826\" data-date=\"2024-06-24T09:25:54-03:00\" data-name=\"C\u00e2mara de Vereadores Aprova Cr\u00e9dito de 57 mil reais para Santa Casa de Muzambinho.\"><article class=\"post visible post-6826 type-post status-publish format-standard has-post-thumbnail hentry category-administracao tag-camara-de-vereadores tag-verba category-3 description-off\" data-name=\"C\u00e2mara de Vereadores Aprova Cr\u00e9dito de 57 mil reais para Santa Casa de Muzambinho.\" data-date=\"2024-06-24T09:25:54-03:00\">\n\n\t<div class=\"post-thumbnail-wrap\">\n\t\t<div class=\"post-thumbnail\">\n\n\t\t\t<a class=\"post-thumbnail-rollover layzr-bg img-css-resize-wrapper\" aria-label=\"redimensionar imagens\" href=\"https:\/\/santacasamuzambinho.org.br\/index.php\/2024\/06\/24\/camara-de-vereadores-aprova-credito-de-57-mil-reais-para-santa-casa-de-muzambinho\/\"><img decoding=\"async\" width=\"743\" height=\"498\" src=\"data:image\/svg+xml,%3Csvg%20xmlns%3D&#039;http%3A%2F%2Fwww.w3.org%2F2000%2Fsvg&#039;%20viewBox%3D&#039;0%200%20743%20498&#039;%2F%3E\" class=\"attachment-full size-full preload-me aspect lazy lazy-load\" alt=\"\" style=\"--ratio: 743 \/ 498;\" data-src=\"https:\/\/santacasamuzambinho.org.br\/wp-content\/uploads\/2024\/06\/w743h498.avif\" loading=\"eager\" \/><span class=\"the7-hover-icon\"><i aria-hidden=\"true\" class=\"feather feather-more-horizontal\"><\/i><\/span><\/a>\n\t\t<\/div>\n\t<\/div>\n\n\n<div class=\"post-entry-content\">\n\n\t<h3 class=\"ele-entry-title\"><a href=\"https:\/\/santacasamuzambinho.org.br\/index.php\/2024\/06\/24\/camara-de-vereadores-aprova-credito-de-57-mil-reais-para-santa-casa-de-muzambinho\/\" rel=\"bookmark\" title=\"C\u00e2mara de Vereadores Aprova Cr\u00e9dito de 57 mil reais para Santa Casa de Muzambinho.\">C\u00e2mara de Vereadores Aprova Cr\u00e9dito de 57 mil reais para Santa Casa de Muzambinho.<\/a><\/h3><div class=\"entry-meta\"><span class=\"meta-item category-link\"><span>Administra\u00e7\u00e3o<\/span><\/span><a href=\"https:\/\/santacasamuzambinho.org.br\/index.php\/2024\/06\/24\/\" title=\"09:25\" class=\"meta-item data-link\" rel=\"bookmark\"><time class=\"entry-date updated\" datetime=\"2024-06-24T09:25:54-03:00\">24 de junho de 2024<\/time><\/a><\/div><div class=\"entry-excerpt\"><p>Vereadores aprovaram com voto favor\u00e1vel de todos os edis a devolu\u00e7\u00e3o e abertura de cr\u00e9dito especial para repasse de verba&hellip;<\/p>\n<\/div><a href=\"https:\/\/santacasamuzambinho.org.br\/index.php\/2024\/06\/24\/camara-de-vereadores-aprova-credito-de-57-mil-reais-para-santa-casa-de-muzambinho\/\" target=\"\" aria-label=\"Bot\u00e3o &quot;Leia mais&quot; C\u00e2mara de Vereadores Aprova Cr\u00e9dito de 57 mil reais para Santa Casa de Muzambinho.\" class=\"box-button elementor-button elementor-size-sm\">Ler Mais<\/a>\n<\/div><\/article><\/div><div class=\"hidden wf-cell category-38\" data-post-id=\"6821\" data-date=\"2024-06-24T09:23:25-03:00\" data-name=\"Mais 81 Cirurgias de Cataratas realizadas na Santa Casa de Muzambinho gra\u00e7as a Parcerias\"><article class=\"post visible post-6821 type-post status-publish format-standard has-post-thumbnail hentry category-geral tag-cirurgias tag-mutirao category-38 description-off\" data-name=\"Mais 81 Cirurgias de Cataratas realizadas na Santa Casa de Muzambinho gra\u00e7as a Parcerias\" data-date=\"2024-06-24T09:23:25-03:00\">\n\n\t<div class=\"post-thumbnail-wrap\">\n\t\t<div class=\"post-thumbnail\">\n\n\t\t\t<a class=\"post-thumbnail-rollover layzr-bg img-css-resize-wrapper\" aria-label=\"redimensionar imagens\" href=\"https:\/\/santacasamuzambinho.org.br\/index.php\/2024\/06\/24\/mais-81-cirurgias-de-cataratas-realizadas-na-santa-casa-de-muzambinho-gracas-a-parcerias\/\"><img decoding=\"async\" width=\"1035\" height=\"694\" src=\"data:image\/svg+xml,%3Csvg%20xmlns%3D&#039;http%3A%2F%2Fwww.w3.org%2F2000%2Fsvg&#039;%20viewBox%3D&#039;0%200%201035%20694&#039;%2F%3E\" class=\"attachment-full size-full preload-me aspect lazy lazy-load\" alt=\"\" style=\"--ratio: 1035 \/ 694;\" data-src=\"https:\/\/santacasamuzambinho.org.br\/wp-content\/uploads\/2024\/06\/w1035h694.avif\" loading=\"eager\" \/><span class=\"the7-hover-icon\"><i aria-hidden=\"true\" class=\"feather feather-more-horizontal\"><\/i><\/span><\/a>\n\t\t<\/div>\n\t<\/div>\n\n\n<div class=\"post-entry-content\">\n\n\t<h3 class=\"ele-entry-title\"><a href=\"https:\/\/santacasamuzambinho.org.br\/index.php\/2024\/06\/24\/mais-81-cirurgias-de-cataratas-realizadas-na-santa-casa-de-muzambinho-gracas-a-parcerias\/\" rel=\"bookmark\" title=\"Mais 81 Cirurgias de Cataratas realizadas na Santa Casa de Muzambinho gra\u00e7as a Parcerias\">Mais 81 Cirurgias de Cataratas realizadas na Santa Casa de Muzambinho gra\u00e7as a Parcerias<\/a><\/h3><div class=\"entry-meta\"><span class=\"meta-item category-link\"><span>Geral<\/span><\/span><a href=\"https:\/\/santacasamuzambinho.org.br\/index.php\/2024\/06\/24\/\" title=\"09:23\" class=\"meta-item data-link\" rel=\"bookmark\"><time class=\"entry-date updated\" datetime=\"2024-06-24T09:23:25-03:00\">24 de junho de 2024<\/time><\/a><\/div><div class=\"entry-excerpt\"><p>Parab\u00e9ns a todos os envolvidos por essa nobre causa, que reflete o melhor da solidariedade e da coopera\u00e7\u00e3o em prol&hellip;<\/p>\n<\/div><a href=\"https:\/\/santacasamuzambinho.org.br\/index.php\/2024\/06\/24\/mais-81-cirurgias-de-cataratas-realizadas-na-santa-casa-de-muzambinho-gracas-a-parcerias\/\" target=\"\" aria-label=\"Bot\u00e3o &quot;Leia mais&quot; Mais 81 Cirurgias de Cataratas realizadas na Santa Casa de Muzambinho gra\u00e7as a Parcerias\" class=\"box-button elementor-button elementor-size-sm\">Ler Mais<\/a>\n<\/div><\/article><\/div><div class=\"hidden wf-cell category-38\" data-post-id=\"6815\" data-date=\"2024-06-24T09:17:24-03:00\" data-name=\"Mutir\u00e3o de Cirurgias de Cataratas na Santa Casa de Muzambinho: Uma Luz para a Vis\u00e3o e a Esperan\u00e7a\"><article class=\"post visible post-6815 type-post status-publish format-standard has-post-thumbnail hentry category-geral tag-cirurgias tag-mutirao category-38 description-off\" data-name=\"Mutir\u00e3o de Cirurgias de Cataratas na Santa Casa de Muzambinho: Uma Luz para a Vis\u00e3o e a Esperan\u00e7a\" data-date=\"2024-06-24T09:17:24-03:00\">\n\n\t<div class=\"post-thumbnail-wrap\">\n\t\t<div class=\"post-thumbnail\">\n\n\t\t\t<a class=\"post-thumbnail-rollover layzr-bg img-css-resize-wrapper\" aria-label=\"redimensionar imagens\" href=\"https:\/\/santacasamuzambinho.org.br\/index.php\/2024\/06\/24\/mutirao-de-cirurgias-de-cataratas-na-santa-casa-de-muzambinho-uma-luz-para-a-visao-e-a-esperanca\/\"><img decoding=\"async\" width=\"1035\" height=\"779\" src=\"data:image\/svg+xml,%3Csvg%20xmlns%3D&#039;http%3A%2F%2Fwww.w3.org%2F2000%2Fsvg&#039;%20viewBox%3D&#039;0%200%201035%20779&#039;%2F%3E\" class=\"attachment-full size-full preload-me aspect lazy lazy-load\" alt=\"\" sizes=\"(max-width: 1035px) 100vw, 1035px\" style=\"--ratio: 1035 \/ 779;\" data-src=\"https:\/\/santacasamuzambinho.org.br\/wp-content\/uploads\/2024\/06\/StaCasaMut1052401.jpg\" loading=\"eager\" data-srcset=\"https:\/\/santacasamuzambinho.org.br\/wp-content\/uploads\/2024\/06\/StaCasaMut1052401.jpg 1035w, https:\/\/santacasamuzambinho.org.br\/wp-content\/uploads\/2024\/06\/StaCasaMut1052401-300x226.jpg 300w, https:\/\/santacasamuzambinho.org.br\/wp-content\/uploads\/2024\/06\/StaCasaMut1052401-1024x771.jpg 1024w, https:\/\/santacasamuzambinho.org.br\/wp-content\/uploads\/2024\/06\/StaCasaMut1052401-768x578.jpg 768w\" \/><span class=\"the7-hover-icon\"><i aria-hidden=\"true\" class=\"feather feather-more-horizontal\"><\/i><\/span><\/a>\n\t\t<\/div>\n\t<\/div>\n\n\n<div class=\"post-entry-content\">\n\n\t<h3 class=\"ele-entry-title\"><a href=\"https:\/\/santacasamuzambinho.org.br\/index.php\/2024\/06\/24\/mutirao-de-cirurgias-de-cataratas-na-santa-casa-de-muzambinho-uma-luz-para-a-visao-e-a-esperanca\/\" rel=\"bookmark\" title=\"Mutir\u00e3o de Cirurgias de Cataratas na Santa Casa de Muzambinho: Uma Luz para a Vis\u00e3o e a Esperan\u00e7a\">Mutir\u00e3o de Cirurgias de Cataratas na Santa Casa de Muzambinho: Uma Luz para a Vis\u00e3o e a Esperan\u00e7a<\/a><\/h3><div class=\"entry-meta\"><span class=\"meta-item category-link\"><span>Geral<\/span><\/span><a href=\"https:\/\/santacasamuzambinho.org.br\/index.php\/2024\/06\/24\/\" title=\"09:17\" class=\"meta-item data-link\" rel=\"bookmark\"><time class=\"entry-date updated\" datetime=\"2024-06-24T09:17:24-03:00\">24 de junho de 2024<\/time><\/a><\/div><div class=\"entry-excerpt\"><p>Para os pacientes, esse mutir\u00e3o n\u00e3o representa apenas uma interven\u00e7\u00e3o cir\u00fargica, mas sim uma oportunidade de recuperar n\u00e3o apenas a&hellip;<\/p>\n<\/div><a href=\"https:\/\/santacasamuzambinho.org.br\/index.php\/2024\/06\/24\/mutirao-de-cirurgias-de-cataratas-na-santa-casa-de-muzambinho-uma-luz-para-a-visao-e-a-esperanca\/\" target=\"\" aria-label=\"Bot\u00e3o &quot;Leia mais&quot; Mutir\u00e3o de Cirurgias de Cataratas na Santa Casa de Muzambinho: Uma Luz para a Vis\u00e3o e a Esperan\u00e7a\" class=\"box-button elementor-button elementor-size-sm\">Ler Mais<\/a>\n<\/div><\/article><\/div><div class=\"hidden wf-cell category-2 category-37\" data-post-id=\"163\" data-date=\"2019-11-13T12:29:24-03:00\" data-name=\"Quisque semper malesuada ipsum\"><article class=\"post visible post-163 type-post status-publish format-standard has-post-thumbnail hentry category-colunista category-prestacao-de-contas\" data-name=\"Quisque semper malesuada ipsum\" data-date=\"2019-11-13T12:29:24-03:00\">\n\n\t<div class=\"post-thumbnail-wrap\">\n\t\t<div class=\"post-thumbnail\">\n\n\t\t\t<a class=\"post-thumbnail-rollover layzr-bg img-css-resize-wrapper\" aria-label=\"redimensionar imagens\" href=\"https:\/\/santacasamuzambinho.org.br\/index.php\/2019\/11\/13\/quisque-semper-malesuada-ipsum\/\"><img decoding=\"async\" width=\"950\" height=\"1200\" src=\"data:image\/svg+xml,%3Csvg%20xmlns%3D&#039;http%3A%2F%2Fwww.w3.org%2F2000%2Fsvg&#039;%20viewBox%3D&#039;0%200%20950%201200&#039;%2F%3E\" class=\"attachment-full size-full preload-me aspect lazy lazy-load\" alt=\"\" sizes=\"(max-width: 950px) 100vw, 950px\" style=\"--ratio: 950 \/ 1200;\" data-src=\"https:\/\/santacasamuzambinho.org.br\/wp-content\/uploads\/2019\/11\/7-bg-129.jpg\" loading=\"eager\" data-srcset=\"https:\/\/santacasamuzambinho.org.br\/wp-content\/uploads\/2019\/11\/7-bg-129.jpg 950w, https:\/\/santacasamuzambinho.org.br\/wp-content\/uploads\/2019\/11\/7-bg-129-238x300.jpg 238w, https:\/\/santacasamuzambinho.org.br\/wp-content\/uploads\/2019\/11\/7-bg-129-811x1024.jpg 811w, https:\/\/santacasamuzambinho.org.br\/wp-content\/uploads\/2019\/11\/7-bg-129-768x970.jpg 768w\" \/><span class=\"the7-hover-icon\"><i aria-hidden=\"true\" class=\"feather feather-more-horizontal\"><\/i><\/span><\/a>\n\t\t<\/div>\n\t<\/div>\n\n\n<div class=\"post-entry-content\">\n\n\t<h3 class=\"ele-entry-title\"><a href=\"https:\/\/santacasamuzambinho.org.br\/index.php\/2019\/11\/13\/quisque-semper-malesuada-ipsum\/\" rel=\"bookmark\" title=\"Quisque semper malesuada ipsum\">Quisque semper malesuada ipsum<\/a><\/h3><div class=\"entry-meta\"><span class=\"meta-item category-link\"><span>Colunista<\/span>, <span>Presta\u00e7\u00e3o de Contas<\/span><\/span><a href=\"https:\/\/santacasamuzambinho.org.br\/index.php\/2019\/11\/13\/\" title=\"12:29\" class=\"meta-item data-link\" rel=\"bookmark\"><time class=\"entry-date updated\" datetime=\"2019-11-13T12:29:24-03:00\">13 de novembro de 2019<\/time><\/a><\/div><div class=\"entry-excerpt\"><p>Vestibulum semper sed magna pretium congue. Fusce eget arcu eget nisi mattis lacinia sit amet at sem. Quisque porttitor bibendum&hellip;<\/p>\n<\/div><a href=\"https:\/\/santacasamuzambinho.org.br\/index.php\/2019\/11\/13\/quisque-semper-malesuada-ipsum\/\" target=\"\" aria-label=\"Bot\u00e3o &quot;Leia mais&quot; Quisque semper malesuada ipsum\" class=\"box-button elementor-button elementor-size-sm\">Ler Mais<\/a>\n<\/div><\/article><\/div><\/div><!-- iso-container|iso-grid --><div class=\"paginator filter-decorations filter-pointer-underline filter-animation-fade\" role=\"navigation\"><\/div><\/div>\t\t\t\t<\/div>\n\t\t\t\t<\/div>\n\t\t\t\t\t<\/div>\n\t\t<\/div>\n\t\t\t\t\t<\/div>\n\t\t<\/section>\n\t\t\t\t<\/div>\n\t\t","protected":false},"excerpt":{"rendered":"<p>Ver tudoCompanyIndustryMediaPresta\u00e7\u00e3o de Contas Fusce aliquam &#8211; a dictum posuere nunc ac suscipit Industry13 de novembro de 2019 Morbi ut mi metus. Mauris at orci urna. Nulla sodales odio nulla, vitae dignissim arcu malesuada vel. Vestibulum at tincidunt&hellip; Ler Mais Aliquam erat volutpat nec ullamcorper mattis pulvinar Industry13 de novembro de 2019 Suspendisse pulvinar nulla&hellip;<\/p>\n","protected":false},"author":1,"featured_media":0,"parent":0,"menu_order":26,"comment_status":"closed","ping_status":"closed","template":"","meta":{"footnotes":""},"class_list":["post-2303","page","type-page","status-publish","hentry"],"_links":{"self":[{"href":"https:\/\/santacasamuzambinho.org.br\/index.php\/wp-json\/wp\/v2\/pages\/2303","targetHints":{"allow":["GET"]}}],"collection":[{"href":"https:\/\/santacasamuzambinho.org.br\/index.php\/wp-json\/wp\/v2\/pages"}],"about":[{"href":"https:\/\/santacasamuzambinho.org.br\/index.php\/wp-json\/wp\/v2\/types\/page"}],"author":[{"embeddable":true,"href":"https:\/\/santacasamuzambinho.org.br\/index.php\/wp-json\/wp\/v2\/users\/1"}],"replies":[{"embeddable":true,"href":"https:\/\/santacasamuzambinho.org.br\/index.php\/wp-json\/wp\/v2\/comments?post=2303"}],"version-history":[{"count":4,"href":"https:\/\/santacasamuzambinho.org.br\/index.php\/wp-json\/wp\/v2\/pages\/2303\/revisions"}],"predecessor-version":[{"id":6796,"href":"https:\/\/santacasamuzambinho.org.br\/index.php\/wp-json\/wp\/v2\/pages\/2303\/revisions\/6796"}],"wp:attachment":[{"href":"https:\/\/santacasamuzambinho.org.br\/index.php\/wp-json\/wp\/v2\/media?parent=2303"}],"curies":[{"name":"wp","href":"https:\/\/api.w.org\/{rel}","templated":true}]}}