{"id":871,"date":"2019-11-24T17:54:04","date_gmt":"2019-11-24T17:54:04","guid":{"rendered":"https:\/\/the7.io\/elementor-starter\/?page_id=871"},"modified":"2024-06-24T09:04:06","modified_gmt":"2024-06-24T12:04:06","slug":"sobre-nos","status":"publish","type":"page","link":"https:\/\/santacasamuzambinho.org.br\/index.php\/sobre-nos\/","title":{"rendered":"A Santa Casa"},"content":{"rendered":"\t\t<div data-elementor-type=\"wp-page\" data-elementor-id=\"871\" class=\"elementor elementor-871\" data-elementor-post-type=\"page\">\n\t\t\t\t\t\t<section class=\"elementor-section elementor-top-section elementor-element elementor-element-e02fd2d elementor-reverse-mobile elementor-section-boxed elementor-section-height-default elementor-section-height-default\" data-id=\"e02fd2d\" data-element_type=\"section\" data-e-type=\"section\">\n\t\t\t\t\t\t<div class=\"elementor-container elementor-column-gap-wider\">\n\t\t\t\t\t<div class=\"elementor-column elementor-col-50 elementor-top-column elementor-element elementor-element-5d739bb\" data-id=\"5d739bb\" data-element_type=\"column\" data-e-type=\"column\">\n\t\t\t<div class=\"elementor-widget-wrap elementor-element-populated\">\n\t\t\t\t\t\t<div class=\"elementor-element elementor-element-a445ac9 elementor-widget elementor-widget-heading\" data-id=\"a445ac9\" data-element_type=\"widget\" data-e-type=\"widget\" data-widget_type=\"heading.default\">\n\t\t\t\t<div class=\"elementor-widget-container\">\n\t\t\t\t\t<h4 class=\"elementor-heading-title elementor-size-default\">Conhe\u00e7a um pouco da Hist\u00f3ria da Santa Casa<\/h4>\t\t\t\t<\/div>\n\t\t\t\t<\/div>\n\t\t\t\t<div class=\"elementor-element elementor-element-99fc165 elementor-widget elementor-widget-spacer\" data-id=\"99fc165\" data-element_type=\"widget\" data-e-type=\"widget\" data-widget_type=\"spacer.default\">\n\t\t\t\t<div class=\"elementor-widget-container\">\n\t\t\t\t\t\t\t<div class=\"elementor-spacer\">\n\t\t\t<div class=\"elementor-spacer-inner\"><\/div>\n\t\t<\/div>\n\t\t\t\t\t\t<\/div>\n\t\t\t\t<\/div>\n\t\t\t\t<div class=\"elementor-element elementor-element-683a39e elementor-widget__width-initial elementor-widget elementor-widget-heading\" data-id=\"683a39e\" data-element_type=\"widget\" data-e-type=\"widget\" data-widget_type=\"heading.default\">\n\t\t\t\t<div class=\"elementor-widget-container\">\n\t\t\t\t\t<h4 class=\"elementor-heading-title elementor-size-default\">A Irmandade da Santa Casa de Miseric\u00f3rdia de Muzambinho<\/h4>\t\t\t\t<\/div>\n\t\t\t\t<\/div>\n\t\t\t\t<div class=\"elementor-element elementor-element-69c991f elementor-widget elementor-widget-spacer\" data-id=\"69c991f\" data-element_type=\"widget\" data-e-type=\"widget\" data-widget_type=\"spacer.default\">\n\t\t\t\t<div class=\"elementor-widget-container\">\n\t\t\t\t\t\t\t<div class=\"elementor-spacer\">\n\t\t\t<div class=\"elementor-spacer-inner\"><\/div>\n\t\t<\/div>\n\t\t\t\t\t\t<\/div>\n\t\t\t\t<\/div>\n\t\t\t\t<div class=\"elementor-element elementor-element-c9a9d01 elementor-widget elementor-widget-text-editor\" data-id=\"c9a9d01\" data-element_type=\"widget\" data-e-type=\"widget\" data-widget_type=\"text-editor.default\">\n\t\t\t\t<div class=\"elementor-widget-container\">\n\t\t\t\t\t\t\t\t\t<p>A hist\u00f3ria da Santa Casa de Muzambinho teve o seu in\u00edcio no dia 7 de junho de 1914, numa reuni\u00e3o realizada no sal\u00e3o nobre do F\u00f3rum, ao meio dia, com a presen\u00e7a de 56 cidad\u00e3os da cidade.<\/p><p>Reunidos o Cel. Francisco Navarro de Morais Salles, usando da palavra, prop\u00f4s que fosse aclamado presidente da reuni\u00e3o o Cel. Jo\u00e3o Janu\u00e1rio de Magalh\u00e3es, proposta que, acolhida com aplausos foi aprovada por todos os presentes. O Cel. Jo\u00e3o Janu\u00e1rio de Magalh\u00e3es, agradeceu a alta prova de confian\u00e7a e considera\u00e7\u00e3o que lhe era dispensada, assumindo a mesa presidencial e convidou para escreventes os Coron\u00e9is Francisco Navarro e Val\u00e9rio Lacerda.<\/p><p>Composta a mesa, o Senhor presidente declarou instalada a reuni\u00e3o popular cujos fins n\u00e3o precisavam expor, uma vez que, da circular dirigida ao povo por ilustres cidad\u00e3os da boa terra, estes foram narrados com muita precis\u00e3o e clareza. Fazendo uso da palavra, o Cel. Francisco Navarro, sugeriu que fosse constitu\u00edda uma comiss\u00e3o central e uma comiss\u00e3o t\u00e9cnica com plenos poderes, propondo para compor a comiss\u00e3o central os seguintes cidad\u00e3os:<\/p><p>Dr. Fernando Avelino Correia \u2014 Dr. Lycurgo Leite \u2014 Dr. Ernani Domingues \u2014 C\u00f4nego Ant\u00f4nio Camila Esa\u00fa dos Santos &#8211; C\u00f4nego Saturnino de Paula Concei\u00e7\u00e3o \u2014 Dr. Salatiel Ramos de Almeida \u2014 Capit\u00e3o Jos\u00e9 Lu\u00eds de Figueiredo Jr. &#8211; Capit\u00e3o Matias Am\u00e9rico da Silva \u2014 Capit\u00e3o Guilherme Cabral \u2014 Cel. Augusto Luz e Cel. Aristides Cec\u00edlio de Assis Coimbra, e para comiss\u00e3o t\u00e9cnica os cidad\u00e3os: Dr: J. Tocvilli de Carvalho \u2014 Dr. Camilo Cec\u00edlio de Assis Coimbra e Francisco Navarro de Morais Salles.<\/p><p>O Senhor Presidente, em seguida submeteu \u00e0 considera\u00e7\u00e3o da casa a proposta do Secret\u00e1rio Navarro, a qual foi unanimemente aprovada, pelo que, o Senhor Presidente declarou membros das respectivas comiss\u00f5es os nomes dos cidad\u00e3os propostos. O Senhor Presidente, referindo-se ao esmerado patriotismo dos cidad\u00e3os do munic\u00edpio, cujo respeito \u00e0 caridade exal\u00e7ou, disse que, em breve esta cidade realizar\u00e1 a grande e humanit\u00e1ria id\u00e9ia que deu lugar a esta reuni\u00e3o, que declarava encerrada. \u201cE, eu, Francisco Navarro de Morais Salles, a escrevi e assino\u201d<\/p>\t\t\t\t\t\t\t\t<\/div>\n\t\t\t\t<\/div>\n\t\t\t\t\t<\/div>\n\t\t<\/div>\n\t\t\t\t<div class=\"elementor-column elementor-col-50 elementor-top-column elementor-element elementor-element-c57e58f\" data-id=\"c57e58f\" data-element_type=\"column\" data-e-type=\"column\">\n\t\t\t<div class=\"elementor-widget-wrap elementor-element-populated\">\n\t\t\t\t\t\t<div class=\"elementor-element elementor-element-1d97609d elementor-widget elementor-widget-image\" data-id=\"1d97609d\" data-element_type=\"widget\" data-e-type=\"widget\" data-widget_type=\"image.default\">\n\t\t\t\t<div class=\"elementor-widget-container\">\n\t\t\t\t\t\t\t\t\t\t\t\t\t\t\t<img decoding=\"async\" src=\"https:\/\/santacasamuzambinho.org.br\/wp-content\/uploads\/elementor\/thumbs\/IMG_20240606_161241-qpajmnr743wsh6ohmomvs245nx6z40r68gypp05fdc.jpg\" title=\"IMG_20240606_161241\" alt=\"IMG_20240606_161241\" loading=\"lazy\" \/>\t\t\t\t\t\t\t\t\t\t\t\t\t\t\t<\/div>\n\t\t\t\t<\/div>\n\t\t\t\t\t<\/div>\n\t\t<\/div>\n\t\t\t\t\t<\/div>\n\t\t<\/section>\n\t\t\t\t<section class=\"elementor-section elementor-top-section elementor-element elementor-element-8f86af0 elementor-section-boxed elementor-section-height-default elementor-section-height-default\" data-id=\"8f86af0\" data-element_type=\"section\" data-e-type=\"section\">\n\t\t\t\t\t\t<div class=\"elementor-container elementor-column-gap-wider\">\n\t\t\t\t\t<div class=\"elementor-column elementor-col-50 elementor-top-column elementor-element elementor-element-a663482\" data-id=\"a663482\" data-element_type=\"column\" data-e-type=\"column\" data-settings=\"{&quot;background_background&quot;:&quot;classic&quot;}\">\n\t\t\t<div class=\"elementor-widget-wrap elementor-element-populated\">\n\t\t\t\t\t\t<div class=\"elementor-element elementor-element-7b72467 elementor-widget elementor-widget-image\" data-id=\"7b72467\" data-element_type=\"widget\" data-e-type=\"widget\" data-widget_type=\"image.default\">\n\t\t\t\t<div class=\"elementor-widget-container\">\n\t\t\t\t\t\t\t\t\t\t\t\t\t\t\t<img decoding=\"async\" src=\"https:\/\/santacasamuzambinho.org.br\/wp-content\/uploads\/elementor\/thumbs\/santa-casa-antiga-1-qpajoqyaaurq9zn9fl51bj516qwc7t1p6t5k351xjk.jpg\" title=\"santa-casa-antiga-1\" alt=\"santa-casa-antiga-1\" loading=\"lazy\" \/>\t\t\t\t\t\t\t\t\t\t\t\t\t\t\t<\/div>\n\t\t\t\t<\/div>\n\t\t\t\t\t<\/div>\n\t\t<\/div>\n\t\t\t\t<div class=\"elementor-column elementor-col-50 elementor-top-column elementor-element elementor-element-d59e9c7\" data-id=\"d59e9c7\" data-element_type=\"column\" data-e-type=\"column\">\n\t\t\t<div class=\"elementor-widget-wrap elementor-element-populated\">\n\t\t\t\t\t\t<div class=\"elementor-element elementor-element-681ac3d elementor-widget elementor-widget-spacer\" data-id=\"681ac3d\" data-element_type=\"widget\" data-e-type=\"widget\" data-widget_type=\"spacer.default\">\n\t\t\t\t<div class=\"elementor-widget-container\">\n\t\t\t\t\t\t\t<div class=\"elementor-spacer\">\n\t\t\t<div class=\"elementor-spacer-inner\"><\/div>\n\t\t<\/div>\n\t\t\t\t\t\t<\/div>\n\t\t\t\t<\/div>\n\t\t\t\t<div class=\"elementor-element elementor-element-5dfdc63 elementor-widget elementor-widget-text-editor\" data-id=\"5dfdc63\" data-element_type=\"widget\" data-e-type=\"widget\" data-widget_type=\"text-editor.default\">\n\t\t\t\t<div class=\"elementor-widget-container\">\n\t\t\t\t\t\t\t\t\t<p>Como os Irm\u00e3os puderam ouvir, esta \u00e9 na integra a 1\u00ba Ata da reuni\u00e3o popular, na qual foram constitu\u00eddas as comiss\u00f5es com a responsabilidade de levar adiante a id\u00e9ia, de lan\u00e7ar a semente da entidade, cuja germina\u00e7\u00e3o foi longa, durando sete anos, pois somente no dia 24 de junho de 1921, tornou-se poss\u00edvel o lan\u00e7amento da pedra fundamental, com a presen\u00e7a da popula\u00e7\u00e3o, das autoridades e do Bispo Diocesano, D. Ranulfo de Faria que viesse aben\u00e7oar o lan\u00e7amento da pedra que hoje se encontra no jardim da Santa Casa. Coube ao engenheiro, Dr. Joaquim Amaral Gourgel, da cidade de Botucatu, SP, o projeto da obra e a Francisco Leonardo Cer\u00e1volo a execu\u00e7\u00e3o dos servi\u00e7os.<\/p><p>Para in\u00edcio da constru\u00e7\u00e3o, vale registrar importantes doa\u00e7\u00f5es da \u00e9poca: Capit\u00e3o Matias Silva \u2014 todo terreno da Santa Casa, Cel. Jo\u00e3o Janu\u00e1rio \u2014 quatro contos de reis, Presidente do Estado de Minas Gerais, Dr. Ant\u00f4nio Carlos Ribeiro de Andrade \u2014 cinco contos de reis, Cel. Jos\u00e9 Martins de Oliveira \u2014 dois contos de reis, Cel. Jorge Vieira \u2014 dois contos de reis, al\u00e9m de outras dezenas de doa\u00e7\u00f5es de menor valor.<\/p><p>Conclu\u00edda a constru\u00e7\u00e3o, o Sr. Pedro Nic\u00f3la, da cidade de Moc\u00f3ca, SP, propriet\u00e1rio da Empresa Nacional de Eletricidade, se prontificou e fez toda a instala\u00e7\u00e3o el\u00e9trica do pr\u00e9dio, e cedeu a energia consumida gratuitamente, por um per\u00edodo de 33 anos que se findou em 1959. Na \u00e9poca a energia el\u00e9trica que servia a cidade era gerada pela Usina Santa Nair em Monte Alverne. A Santa Casa Inaugurada com grandes festejos no dia 28 de mar\u00e7o de 1926, teve como 1\u201d diretoria os seguintes cidad\u00e3os: Provedor, Dr. Lycurgo Leite \u2014 Vice Provedor, Matias da Silva \u2014 1\u00ba tesoureiro, Guilherme Cabral, &#8211; 2\u00ba tesoureiro, Manuel Cardoso de Oliveira \u2014 1\u00ba Secret\u00e1rio, Benjamim Rondinelli \u2014 2\u00ba secret\u00e1rio, Dr. Armando Coimbra \u2014 Ec\u00f4nomo Vicente Silvio Cer\u00e1volo \u2014 Procurador, Jos\u00e9 Poli e Diretor Cl\u00ednico, Dr. Joaquim Bernardes da Silva Costa, o Dr. Tim. No dia seguinte ao da inaugura\u00e7\u00e3o foi internado o 1\u00ba paciente, o menor Ant\u00f4nio Tardelli, de 12 anos de idade, branco, da cidade, filho de Jos\u00e9 Adolfo Tardelli, acometido de Ostiomielite, na qual foi aplicada a t\u00e9cnica de Trepana\u00e7\u00e3o, pelos m\u00e9dicos, Dr. Domingos Leonardo Cer\u00e1volo e Dr. Joaquim Bernardes da Silva Costa.<\/p>\t\t\t\t\t\t\t\t<\/div>\n\t\t\t\t<\/div>\n\t\t\t\t<div class=\"elementor-element elementor-element-8f12077 elementor-widget elementor-widget-spacer\" data-id=\"8f12077\" data-element_type=\"widget\" data-e-type=\"widget\" data-widget_type=\"spacer.default\">\n\t\t\t\t<div class=\"elementor-widget-container\">\n\t\t\t\t\t\t\t<div class=\"elementor-spacer\">\n\t\t\t<div class=\"elementor-spacer-inner\"><\/div>\n\t\t<\/div>\n\t\t\t\t\t\t<\/div>\n\t\t\t\t<\/div>\n\t\t\t\t\t<\/div>\n\t\t<\/div>\n\t\t\t\t\t<\/div>\n\t\t<\/section>\n\t\t\t\t<section class=\"elementor-section elementor-top-section elementor-element elementor-element-6f58829 elementor-reverse-mobile elementor-section-boxed elementor-section-height-default elementor-section-height-default\" data-id=\"6f58829\" data-element_type=\"section\" data-e-type=\"section\">\n\t\t\t\t\t\t<div class=\"elementor-container elementor-column-gap-wider\">\n\t\t\t\t\t<div class=\"elementor-column elementor-col-50 elementor-top-column elementor-element elementor-element-0005637\" data-id=\"0005637\" data-element_type=\"column\" data-e-type=\"column\" data-settings=\"{&quot;background_background&quot;:&quot;classic&quot;}\">\n\t\t\t<div class=\"elementor-widget-wrap elementor-element-populated\">\n\t\t\t\t\t\t<div class=\"elementor-element elementor-element-e7582b6 elementor-widget elementor-widget-spacer\" data-id=\"e7582b6\" data-element_type=\"widget\" data-e-type=\"widget\" data-widget_type=\"spacer.default\">\n\t\t\t\t<div class=\"elementor-widget-container\">\n\t\t\t\t\t\t\t<div class=\"elementor-spacer\">\n\t\t\t<div class=\"elementor-spacer-inner\"><\/div>\n\t\t<\/div>\n\t\t\t\t\t\t<\/div>\n\t\t\t\t<\/div>\n\t\t\t\t<div class=\"elementor-element elementor-element-0ff39ba elementor-widget elementor-widget-text-editor\" data-id=\"0ff39ba\" data-element_type=\"widget\" data-e-type=\"widget\" data-widget_type=\"text-editor.default\">\n\t\t\t\t<div class=\"elementor-widget-container\">\n\t\t\t\t\t\t\t\t\t<p>Do Estatuto original n\u00e3o temos conhecimento, no entanto, no dia 6 de janeiro de 1929, foi realizada uma A.G. com finalidade de alterar os Estatutos sob a responsabilidade dos senhores do Dr. Jos\u00e9 Janu\u00e1rio de Magalh\u00e3es, Dr. Joaquim Bernardes, Dr. Salatiel de Almeida e Manuel Cabral. Esta altera\u00e7\u00e3o est\u00e1 devidamente registrada em livro pr\u00f3prio da Santa Casa, em que consta Art 1\u00ba \u2014 Fica institu\u00edda nesta cidade de Muzambinho, onde ter\u00e1 a sua sede e Foro Jur\u00eddico, uma associa\u00e7\u00e3o de caridade com denomina\u00e7\u00e3o de: IRMANDADE DA SANTA CASA DE MISERIC\u00d3RDIA DE MUZAMBINHO. sob a invoca\u00e7\u00e3o de S\u00e3o Geraldo, podendo fazer parte dela qualquer cidad\u00e3o, n\u00e3o importando a nacionalidade, a cor, a idade, o sexo ou a cren\u00e7a religiosa, sob a denomina\u00e7\u00e3o de IRM\u00c3OS. Anuidade do ano de 1929 = 60 Mil Reis.<\/p><p>Na reuni\u00e3o do dia 1\u00ba de janeiro de 1930, por determina\u00e7\u00e3o da Assembl\u00e9ia, foi consignado ao Capit\u00e3o Matias Silva, o diploma de Irm\u00e3o fundador e Benem\u00e9rito, pela doa\u00e7\u00e3o do terreno e pela doa\u00e7\u00e3o da mesa e todo o instrumental da sala de cirurgia, devendo o seu retrato a Crayon ser colocado na sala de visitas da Santa Casa, onde permanece at\u00e9 hoje. Na d\u00e9cada dos anos 30, a Santa Casa passou por dificuldades, notadamente no ano 1932, per\u00edodo revolucion\u00e1rio, em que a Santa Casa se transformou em hospital de sangue por ter que atender os soldados dos batalh\u00f5es e os volunt\u00e1rios patriotas em grande n\u00famero. No entanto, jamais deixou de cumprir e seu dever junto \u00e0 popula\u00e7\u00e3o do munic\u00edpio.<\/p><p>Na AG. do dia 20 de Janeiro de 1933, pode-se notar nas entrelinhas da Ata, que o Dr. Lycurgo, Guilherme Cabral e demais companheiros, estavam cansados e se expressam, \u201cSeja-nos permitido dizer com toda a franqueza e lealdade que o povo de Muzambinho n\u00e3o tem concorrido como \u00e9 de seu dever para a manuten\u00e7\u00e3o deste hospital, e que a maior parte da popula\u00e7\u00e3o s\u00f3 se lembra da Santa Casa quando dela precisa\u201d. Que o Muzambinhense devia reconhecer que a esmola deve ser dada com espontaneidade, e que a diretoria deveria ser poupada de mendigar de casa em casa, de pessoa em pessoa, um \u00f3bolo para os infelizes que nela se abrigam. Como neste mundo tudo cansa a atual diretoria, n\u00e3o pede, mas exige a sua demiss\u00e3o por n\u00e3o ver o seu trabalho correspondido pelo povo da cidade.<\/p><p>Ontem foi o prefeito que deixou o cargo, hoje \u00e9 o provedor da Santa Casa que pede demiss\u00e3o, e n\u00e3o tem outra ocupa\u00e7\u00e3o a fazer, a n\u00e3o ser arranjar as malas, por entender que a sua miss\u00e3o a frente da Santa Casa esta terminada. \u201cAmanh\u00e3 ser\u00e1 o diretor pol\u00edtico que passar\u00e1 a outrem as ins\u00edgnias do comando\u201d. O provedor seguinte foi o Cap. Heliodoro Mariano. No ano de 1936 , falecia o Dr. Lycurgo Leite, e na Assembl\u00e9ia Geral o irm\u00e3o Moacir Bueno, solicitou que se consignasse em Ata um voto de profundo pesar pela perda do Dr. Lycurgo Leite, alma mater. desta Pia institui\u00e7\u00e3o, da qual foi irm\u00e3o fundador, benem\u00e9rito e provedor por v\u00e1rios anos.<\/p>\t\t\t\t\t\t\t\t<\/div>\n\t\t\t\t<\/div>\n\t\t\t\t<div class=\"elementor-element elementor-element-e7754a2 elementor-widget elementor-widget-spacer\" data-id=\"e7754a2\" data-element_type=\"widget\" data-e-type=\"widget\" data-widget_type=\"spacer.default\">\n\t\t\t\t<div class=\"elementor-widget-container\">\n\t\t\t\t\t\t\t<div class=\"elementor-spacer\">\n\t\t\t<div class=\"elementor-spacer-inner\"><\/div>\n\t\t<\/div>\n\t\t\t\t\t\t<\/div>\n\t\t\t\t<\/div>\n\t\t\t\t<div class=\"elementor-element elementor-element-8b0b94d elementor-widget elementor-widget-spacer\" data-id=\"8b0b94d\" data-element_type=\"widget\" data-e-type=\"widget\" data-widget_type=\"spacer.default\">\n\t\t\t\t<div class=\"elementor-widget-container\">\n\t\t\t\t\t\t\t<div class=\"elementor-spacer\">\n\t\t\t<div class=\"elementor-spacer-inner\"><\/div>\n\t\t<\/div>\n\t\t\t\t\t\t<\/div>\n\t\t\t\t<\/div>\n\t\t\t\t<div class=\"elementor-element elementor-element-4eaa26a elementor-widget elementor-widget-spacer\" data-id=\"4eaa26a\" data-element_type=\"widget\" data-e-type=\"widget\" data-widget_type=\"spacer.default\">\n\t\t\t\t<div class=\"elementor-widget-container\">\n\t\t\t\t\t\t\t<div class=\"elementor-spacer\">\n\t\t\t<div class=\"elementor-spacer-inner\"><\/div>\n\t\t<\/div>\n\t\t\t\t\t\t<\/div>\n\t\t\t\t<\/div>\n\t\t\t\t<div class=\"elementor-element elementor-element-fb9aad9 elementor-widget elementor-widget-spacer\" data-id=\"fb9aad9\" data-element_type=\"widget\" data-e-type=\"widget\" data-widget_type=\"spacer.default\">\n\t\t\t\t<div class=\"elementor-widget-container\">\n\t\t\t\t\t\t\t<div class=\"elementor-spacer\">\n\t\t\t<div class=\"elementor-spacer-inner\"><\/div>\n\t\t<\/div>\n\t\t\t\t\t\t<\/div>\n\t\t\t\t<\/div>\n\t\t\t\t<div class=\"elementor-element elementor-element-d27fb6a elementor-widget elementor-widget-spacer\" data-id=\"d27fb6a\" data-element_type=\"widget\" data-e-type=\"widget\" data-widget_type=\"spacer.default\">\n\t\t\t\t<div class=\"elementor-widget-container\">\n\t\t\t\t\t\t\t<div class=\"elementor-spacer\">\n\t\t\t<div class=\"elementor-spacer-inner\"><\/div>\n\t\t<\/div>\n\t\t\t\t\t\t<\/div>\n\t\t\t\t<\/div>\n\t\t\t\t\t<\/div>\n\t\t<\/div>\n\t\t\t\t<div class=\"elementor-column elementor-col-50 elementor-top-column elementor-element elementor-element-45df5ff\" data-id=\"45df5ff\" data-element_type=\"column\" data-e-type=\"column\">\n\t\t\t<div class=\"elementor-widget-wrap elementor-element-populated\">\n\t\t\t\t\t\t<div class=\"elementor-element elementor-element-f1a2ef0 elementor-widget elementor-widget-image\" data-id=\"f1a2ef0\" data-element_type=\"widget\" data-e-type=\"widget\" data-widget_type=\"image.default\">\n\t\t\t\t<div class=\"elementor-widget-container\">\n\t\t\t\t\t\t\t\t\t\t\t\t\t\t\t<img decoding=\"async\" src=\"https:\/\/santacasamuzambinho.org.br\/wp-content\/uploads\/elementor\/thumbs\/IMG_20240606_161335-qpajmx5l0g9npaau3sp5gzqrlrwn8zshlrhkhrrhn4.jpg\" title=\"IMG_20240606_161335\" alt=\"IMG_20240606_161335\" loading=\"lazy\" \/>\t\t\t\t\t\t\t\t\t\t\t\t\t\t\t<\/div>\n\t\t\t\t<\/div>\n\t\t\t\t\t<\/div>\n\t\t<\/div>\n\t\t\t\t\t<\/div>\n\t\t<\/section>\n\t\t\t\t<section class=\"elementor-section elementor-top-section elementor-element elementor-element-347616d elementor-reverse-mobile elementor-section-boxed elementor-section-height-default elementor-section-height-default\" data-id=\"347616d\" data-element_type=\"section\" data-e-type=\"section\">\n\t\t\t\t\t\t<div class=\"elementor-container elementor-column-gap-wider\">\n\t\t\t\t\t<div class=\"elementor-column elementor-col-50 elementor-top-column elementor-element elementor-element-188d785\" data-id=\"188d785\" data-element_type=\"column\" data-e-type=\"column\" data-settings=\"{&quot;background_background&quot;:&quot;classic&quot;}\">\n\t\t\t<div class=\"elementor-widget-wrap elementor-element-populated\">\n\t\t\t\t\t\t<div class=\"elementor-element elementor-element-4ec47cc elementor-widget elementor-widget-spacer\" data-id=\"4ec47cc\" data-element_type=\"widget\" data-e-type=\"widget\" data-widget_type=\"spacer.default\">\n\t\t\t\t<div class=\"elementor-widget-container\">\n\t\t\t\t\t\t\t<div class=\"elementor-spacer\">\n\t\t\t<div class=\"elementor-spacer-inner\"><\/div>\n\t\t<\/div>\n\t\t\t\t\t\t<\/div>\n\t\t\t\t<\/div>\n\t\t\t\t<div class=\"elementor-element elementor-element-a73e25e elementor-widget elementor-widget-text-editor\" data-id=\"a73e25e\" data-element_type=\"widget\" data-e-type=\"widget\" data-widget_type=\"text-editor.default\">\n\t\t\t\t<div class=\"elementor-widget-container\">\n\t\t\t\t\t\t\t\t\t<p>Nos anos 1935\/36 o provedor foi Frei Florentino Brolman, que veio a falecer no ano de 1937, e o irm\u00e3o Salatiel de Almeida, Prop\u00f4s na A.G. que num pleito de justa homenagem ao Frei, seu retrato fosse colocado na capela da Santa Casa. Nos anos 40 al\u00e9m de diversos aux\u00edlios recebidos, consta tamb\u00e9m, uma verba do Presidente Get\u00falio Vargas no valor de seis Contos de Reis. Teve in\u00edcio a constru\u00e7\u00e3o do pavilh\u00e3o cir\u00fargico. Consta a entrada das irm\u00e3s do sagrado Cora\u00e7\u00e3o de Jesus, que por diversas vezes mereceram votos de reconhecimento pelo trabalho em favor dos doentes, aos quais ministravam tamb\u00e9m, o conforto espiritual em Cristo Jesus. Neste ano foi tamb\u00e9m comprado um moderno laborat\u00f3rio para pesquisas e an\u00e1lises cl\u00ednicas.<\/p><p>No final da d\u00e9cada de 40 e in\u00edcio da de 50 a obra principal foi \u00e0 constru\u00e7\u00e3o da nova maternidade, que s\u00f3 se tornou realidade gra\u00e7as ao trabalho da Dep. Lycurgo Leite Filho, que trazia do Minist\u00e9rio da Sa\u00fade os recursos necess\u00e1rios cabendo a Francisco Cer\u00e1volo a execu\u00e7\u00e3o dos servi\u00e7os. A maternidade foi inaugurada no dia 29 de maio de 1955, recebendo o nome de Orminda Pinheiro Leite. Nos anos 70 a Santa Casa atendeu o antigo FUNRURAL que al\u00e9m de pagar muito pouco sempre atrasava seus pagamentos trazendo grandes problemas a Diretoria e muito preju\u00edzo \u00e0 Santa Casa. Nesta mesma \u00e9poca se iniciaram efetivamente as reformas do pr\u00e9dio da Santa Casa:<\/p><p>1- As escadas frontais do pr\u00e9dio que conduziam os pacientes carregados foram substitu\u00eddas por uma espa\u00e7osa rampa que terminava na antiga capela.<\/p><p>2- Os antigos por\u00f5es do andar t\u00e9rreo foram sendo utilizados como dep\u00f3sito de materiais velhos, e desaterrados foram utilizados pelo atual P.S, farm\u00e1cia, depend\u00eancia de RX, secretaria, recep\u00e7\u00e3o do Santa Casa Sa\u00fade, administra\u00e7\u00e3o, biblioteca, contabilidade, tesouraria, recep\u00e7\u00e3o principal, banco de sangue, laborat\u00f3rio de an\u00e1lises cl\u00ednicas vesti\u00e1rios feminino e masculino e atual Enfermaria de pediatria.<\/p>\t\t\t\t\t\t\t\t<\/div>\n\t\t\t\t<\/div>\n\t\t\t\t<div class=\"elementor-element elementor-element-3aa5dba elementor-widget elementor-widget-spacer\" data-id=\"3aa5dba\" data-element_type=\"widget\" data-e-type=\"widget\" data-widget_type=\"spacer.default\">\n\t\t\t\t<div class=\"elementor-widget-container\">\n\t\t\t\t\t\t\t<div class=\"elementor-spacer\">\n\t\t\t<div class=\"elementor-spacer-inner\"><\/div>\n\t\t<\/div>\n\t\t\t\t\t\t<\/div>\n\t\t\t\t<\/div>\n\t\t\t\t<div class=\"elementor-element elementor-element-8e59962 elementor-widget elementor-widget-spacer\" data-id=\"8e59962\" data-element_type=\"widget\" data-e-type=\"widget\" data-widget_type=\"spacer.default\">\n\t\t\t\t<div class=\"elementor-widget-container\">\n\t\t\t\t\t\t\t<div class=\"elementor-spacer\">\n\t\t\t<div class=\"elementor-spacer-inner\"><\/div>\n\t\t<\/div>\n\t\t\t\t\t\t<\/div>\n\t\t\t\t<\/div>\n\t\t\t\t<div class=\"elementor-element elementor-element-d63b02c elementor-widget elementor-widget-spacer\" data-id=\"d63b02c\" data-element_type=\"widget\" data-e-type=\"widget\" data-widget_type=\"spacer.default\">\n\t\t\t\t<div class=\"elementor-widget-container\">\n\t\t\t\t\t\t\t<div class=\"elementor-spacer\">\n\t\t\t<div class=\"elementor-spacer-inner\"><\/div>\n\t\t<\/div>\n\t\t\t\t\t\t<\/div>\n\t\t\t\t<\/div>\n\t\t\t\t<div class=\"elementor-element elementor-element-008ad2b elementor-widget elementor-widget-spacer\" data-id=\"008ad2b\" data-element_type=\"widget\" data-e-type=\"widget\" data-widget_type=\"spacer.default\">\n\t\t\t\t<div class=\"elementor-widget-container\">\n\t\t\t\t\t\t\t<div class=\"elementor-spacer\">\n\t\t\t<div class=\"elementor-spacer-inner\"><\/div>\n\t\t<\/div>\n\t\t\t\t\t\t<\/div>\n\t\t\t\t<\/div>\n\t\t\t\t<div class=\"elementor-element elementor-element-58d7d51 elementor-widget elementor-widget-spacer\" data-id=\"58d7d51\" data-element_type=\"widget\" data-e-type=\"widget\" data-widget_type=\"spacer.default\">\n\t\t\t\t<div class=\"elementor-widget-container\">\n\t\t\t\t\t\t\t<div class=\"elementor-spacer\">\n\t\t\t<div class=\"elementor-spacer-inner\"><\/div>\n\t\t<\/div>\n\t\t\t\t\t\t<\/div>\n\t\t\t\t<\/div>\n\t\t\t\t\t<\/div>\n\t\t<\/div>\n\t\t\t\t<div class=\"elementor-column elementor-col-50 elementor-top-column elementor-element elementor-element-477bb03\" data-id=\"477bb03\" data-element_type=\"column\" data-e-type=\"column\">\n\t\t\t<div class=\"elementor-widget-wrap elementor-element-populated\">\n\t\t\t\t\t\t<div class=\"elementor-element elementor-element-0e7d102 elementor-widget elementor-widget-image\" data-id=\"0e7d102\" data-element_type=\"widget\" data-e-type=\"widget\" data-widget_type=\"image.default\">\n\t\t\t\t<div class=\"elementor-widget-container\">\n\t\t\t\t\t\t\t\t\t\t\t\t\t\t\t<img decoding=\"async\" src=\"https:\/\/santacasamuzambinho.org.br\/wp-content\/uploads\/elementor\/thumbs\/IMG_20240606_161335-qpajmx5l0g9npaau3sp5gzqrlrwn8zshlrhkhrrhn4.jpg\" title=\"IMG_20240606_161335\" alt=\"IMG_20240606_161335\" loading=\"lazy\" \/>\t\t\t\t\t\t\t\t\t\t\t\t\t\t\t<\/div>\n\t\t\t\t<\/div>\n\t\t\t\t\t<\/div>\n\t\t<\/div>\n\t\t\t\t\t<\/div>\n\t\t<\/section>\n\t\t\t\t<section class=\"elementor-section elementor-top-section elementor-element elementor-element-7ef1ce3 elementor-section-boxed elementor-section-height-default elementor-section-height-default\" data-id=\"7ef1ce3\" data-element_type=\"section\" data-e-type=\"section\">\n\t\t\t\t\t\t<div class=\"elementor-container elementor-column-gap-wider\">\n\t\t\t\t\t<div class=\"elementor-column elementor-col-50 elementor-top-column elementor-element elementor-element-b217abf\" data-id=\"b217abf\" data-element_type=\"column\" data-e-type=\"column\" data-settings=\"{&quot;background_background&quot;:&quot;classic&quot;}\">\n\t\t\t<div class=\"elementor-widget-wrap elementor-element-populated\">\n\t\t\t\t\t\t<div class=\"elementor-element elementor-element-165225b elementor-widget elementor-widget-image\" data-id=\"165225b\" data-element_type=\"widget\" data-e-type=\"widget\" data-widget_type=\"image.default\">\n\t\t\t\t<div class=\"elementor-widget-container\">\n\t\t\t\t\t\t\t\t\t\t\t\t\t\t\t<img decoding=\"async\" src=\"https:\/\/santacasamuzambinho.org.br\/wp-content\/uploads\/elementor\/thumbs\/santa-casa-antiga-1-qpajoqyaaurq9zn9fl51bj516qwc7t1p6t5k351xjk.jpg\" title=\"santa-casa-antiga-1\" alt=\"santa-casa-antiga-1\" loading=\"lazy\" \/>\t\t\t\t\t\t\t\t\t\t\t\t\t\t\t<\/div>\n\t\t\t\t<\/div>\n\t\t\t\t\t<\/div>\n\t\t<\/div>\n\t\t\t\t<div class=\"elementor-column elementor-col-50 elementor-top-column elementor-element elementor-element-0865755\" data-id=\"0865755\" data-element_type=\"column\" data-e-type=\"column\">\n\t\t\t<div class=\"elementor-widget-wrap elementor-element-populated\">\n\t\t\t\t\t\t<div class=\"elementor-element elementor-element-aaab836 elementor-widget elementor-widget-spacer\" data-id=\"aaab836\" data-element_type=\"widget\" data-e-type=\"widget\" data-widget_type=\"spacer.default\">\n\t\t\t\t<div class=\"elementor-widget-container\">\n\t\t\t\t\t\t\t<div class=\"elementor-spacer\">\n\t\t\t<div class=\"elementor-spacer-inner\"><\/div>\n\t\t<\/div>\n\t\t\t\t\t\t<\/div>\n\t\t\t\t<\/div>\n\t\t\t\t<div class=\"elementor-element elementor-element-697d3d9 elementor-widget elementor-widget-text-editor\" data-id=\"697d3d9\" data-element_type=\"widget\" data-e-type=\"widget\" data-widget_type=\"text-editor.default\">\n\t\t\t\t<div class=\"elementor-widget-container\">\n\t\t\t\t\t\t\t\t\t<p>Nos anos 80, os trabalhos continuaram e com subven\u00e7\u00e3o de 20 milh\u00f5es conseguidas pelo Dep. Neif Jabur, foi trocada toda a cobertura do pr\u00e9dio, colocadas lajes de forro e lajes de piso, foi reformado o ber\u00e7\u00e1rio, e centro cir\u00fargico com mais uma sala e apto para o m\u00e9dico plantonista. Com aux\u00edlio de um urbanista Chileno que fez um esbou\u00e7o da parte frontal do hospital, foi demolido o velho muro, feito o devido desaterro que se transformou no que esta hoje: A Santa Casa com visual mais acolhedor. Nos anos 90, com as reformas externas continuaram, foi colocada uma caixa d&#8217;\u00e1gua com capacidade para 33 mil litros, tipo c\u00e1lice, foi demolida o antigo necrot\u00e9rio, o centro cir\u00fargico passou por novas reformas, e a mais importante foi realizada com subven\u00e7\u00f5es dos Deputados Dr. Osm\u00e2nio Pereira Oliveira Dr. Neif Jabur devidamente aplicada na amplia\u00e7\u00e3o e aproveitando os espa\u00e7os j\u00e1 existentes para se instalar o novo centro obst\u00e9trico, com salas de pr\u00e9-parto, parto, p\u00f3s parto, vesti\u00e1rio para os m\u00e9dicos sala de limpeza e esteriliza\u00e7\u00e3o de materiais cir\u00fargicos e capela. Com apoio dos Muzambinhenses, implantou-se o Plano Santa Casa Sa\u00fade, com aproximadamente 2 mil associados, j\u00e1 devidamente regulamentado junto ao Minist\u00e9rio da Sa\u00fade, plano este, que veio em boa hora, pois, na verdade tem sido at\u00e9 agora o ponto de apoio da diretoria em mat\u00e9ria de finan\u00e7as. Haja visto, que a ala nova que ser\u00e1 inaugurada ap\u00f3s esta assembl\u00e9ia, s\u00f3 se tornou realidade gra\u00e7as aos recursos da subven\u00e7\u00e3o no valor de R$ 25.000,00 do Dep. Marco Regis e o restante com recursos do Santa Casa \u2014 Sa\u00fade.<\/p><p>Nesta breve exposi\u00e7\u00e3o, os irm\u00e3os puderam conhecer um pouco mais da hist\u00f3ria da Santa Casa, que atravessou per\u00edodos dificeis, quando sobrevivia atrav\u00e9s de doa\u00e7\u00f5es, listas e quermesses. Ainda temos guardado o Gamel\u00e3o em que se jogava o Buso nas quermesses. Os tempos mudaram, os homens tamb\u00e9m, mas a Santa Casa permaneceu e permanecer\u00e1. Sem citar nomes, pois, s\u00e3o muitos, posso afirmar com toda a certeza, os irm\u00e3os que por aqui passaram deixando marcas profundas, vestindo de fato a camisa da Santa Casa e dando o melhor de Si para as gera\u00e7\u00f5es futuras. Creio que foi um privil\u00e9gio para todos n\u00f3s n\u00e3o s\u00f3 passar de ano, de s\u00e9culo e mesmo adentrar num novo mil\u00eanio, tendo a possibilidade de ceder um pequeno espa\u00e7o do nosso tempo em favor das causas justas e nobres. Desde Agora a Diretoria pode afirmar como tantas vezes fez que est\u00e1 aberta ao di\u00e1logo, e com a maior disposi\u00e7\u00e3o, respeitosamente e \u00e9tica, somarmos esfor\u00e7os junto \u00e0s autoridades constitu\u00eddas da cidade, para que a nossa Muzambinho seja a melhor cidade para se viver.<\/p><p>Homenageando, com muita gratid\u00e3o, todos que por aqui passaram, pede permiss\u00e3o para citar o que est\u00e1 escrito entre outras coisas, na abertura do livro de Ouro da funda\u00e7\u00e3o.<\/p><p>\u201cComo os indiv\u00edduos as cidades tamb\u00e9m tem seu cora\u00e7\u00e3o, e o cora\u00e7\u00e3o de Muzambinho \u00e9 esta Santa Casa.\u201d<\/p><p>IRM\u00c3OS, VAMOS TODOS JUNTOS TRABALHAR EM<br \/>FAVOR DESTE CORA\u00c7\u00c3O QUE SEM D\u00daVIDA \u00c9 UM LEGADO<br \/>PARA NOSSA CIDADE.<\/p>\t\t\t\t\t\t\t\t<\/div>\n\t\t\t\t<\/div>\n\t\t\t\t<div class=\"elementor-element elementor-element-4bff7d1 elementor-widget elementor-widget-spacer\" data-id=\"4bff7d1\" data-element_type=\"widget\" data-e-type=\"widget\" data-widget_type=\"spacer.default\">\n\t\t\t\t<div class=\"elementor-widget-container\">\n\t\t\t\t\t\t\t<div class=\"elementor-spacer\">\n\t\t\t<div class=\"elementor-spacer-inner\"><\/div>\n\t\t<\/div>\n\t\t\t\t\t\t<\/div>\n\t\t\t\t<\/div>\n\t\t\t\t\t<\/div>\n\t\t<\/div>\n\t\t\t\t\t<\/div>\n\t\t<\/section>\n\t\t\t\t<\/div>\n\t\t","protected":false},"excerpt":{"rendered":"<p>Conhe\u00e7a um pouco da Hist\u00f3ria da Santa Casa A Irmandade da Santa Casa de Miseric\u00f3rdia de Muzambinho A hist\u00f3ria da Santa Casa de Muzambinho teve o seu in\u00edcio no dia 7 de junho de 1914, numa reuni\u00e3o realizada no sal\u00e3o nobre do F\u00f3rum, ao meio dia, com a presen\u00e7a de 56 cidad\u00e3os da cidade. Reunidos&hellip;<\/p>\n","protected":false},"author":1,"featured_media":0,"parent":0,"menu_order":17,"comment_status":"closed","ping_status":"closed","template":"","meta":{"footnotes":""},"class_list":["post-871","page","type-page","status-publish","hentry"],"_links":{"self":[{"href":"https:\/\/santacasamuzambinho.org.br\/index.php\/wp-json\/wp\/v2\/pages\/871","targetHints":{"allow":["GET"]}}],"collection":[{"href":"https:\/\/santacasamuzambinho.org.br\/index.php\/wp-json\/wp\/v2\/pages"}],"about":[{"href":"https:\/\/santacasamuzambinho.org.br\/index.php\/wp-json\/wp\/v2\/types\/page"}],"author":[{"embeddable":true,"href":"https:\/\/santacasamuzambinho.org.br\/index.php\/wp-json\/wp\/v2\/users\/1"}],"replies":[{"embeddable":true,"href":"https:\/\/santacasamuzambinho.org.br\/index.php\/wp-json\/wp\/v2\/comments?post=871"}],"version-history":[{"count":16,"href":"https:\/\/santacasamuzambinho.org.br\/index.php\/wp-json\/wp\/v2\/pages\/871\/revisions"}],"predecessor-version":[{"id":6814,"href":"https:\/\/santacasamuzambinho.org.br\/index.php\/wp-json\/wp\/v2\/pages\/871\/revisions\/6814"}],"wp:attachment":[{"href":"https:\/\/santacasamuzambinho.org.br\/index.php\/wp-json\/wp\/v2\/media?parent=871"}],"curies":[{"name":"wp","href":"https:\/\/api.w.org\/{rel}","templated":true}]}}